{"id":10547,"date":"2015-08-19T15:42:20","date_gmt":"2015-08-19T13:42:20","guid":{"rendered":"http:\/\/stammkoenigartus.de\/?page_id=10547"},"modified":"2023-01-15T02:48:36","modified_gmt":"2023-01-15T01:48:36","slug":"sitemap-stamm-koenig-artus","status":"publish","type":"page","link":"https:\/\/stammkoenigartus.de\/?page_id=10547","title":{"rendered":"Sitemap Stamm K\u00f6nig Artus"},"content":{"rendered":"<div id=\"wp-realtime-sitemap-pages\"><h3>Seiten<\/h3><ul><li class=\"page_item page-item-15385\"><a href=\"https:\/\/stammkoenigartus.de\/?page_id=15385\">Du ! Bist wichtig &#8230;.<\/a><\/li>\n<li class=\"page_item page-item-21892\"><a href=\"https:\/\/stammkoenigartus.de\/?page_id=21892\">Anmeldung Kanuabenteuer 2026<\/a><\/li>\n<li class=\"page_item page-item-21655\"><a href=\"https:\/\/stammkoenigartus.de\/?page_id=21655\">Anmeldung Halloween Kids-Party<\/a><\/li>\n<li class=\"page_item page-item-18876\"><a href=\"https:\/\/stammkoenigartus.de\/?page_id=18876\">Unterst\u00fctzung Stammesjubil\u00e4um 70 Jahre Stamm K\u00f6nig Artus<\/a><\/li>\n<li class=\"page_item page-item-20682\"><a href=\"https:\/\/stammkoenigartus.de\/?page_id=20682\">Google Kalender<\/a><\/li>\n<li class=\"page_item page-item-3536 page_item_has_children\"><a href=\"https:\/\/stammkoenigartus.de\/?page_id=3536\">Willkommen<\/a>\n<ul class='children'>\n\t<li class=\"page_item page-item-740 page_item_has_children\"><a href=\"https:\/\/stammkoenigartus.de\/?page_id=740\">Gruppen<\/a>\n\t<ul class='children'>\n\t\t<li class=\"page_item page-item-101\"><a href=\"https:\/\/stammkoenigartus.de\/?page_id=101\">Sippe 11-18 Jahre<\/a><\/li>\n\t\t<li class=\"page_item page-item-99\"><a href=\"https:\/\/stammkoenigartus.de\/?page_id=99\">Meute 5-11 Jahre<\/a><\/li>\n\t\t<li class=\"page_item page-item-1124\"><a href=\"https:\/\/stammkoenigartus.de\/?page_id=1124\">Rover \u00fc 18<\/a><\/li>\n\t\t<li class=\"page_item page-item-14976\"><a href=\"https:\/\/stammkoenigartus.de\/?page_id=14976\">Stammesf\u00fchrung<\/a><\/li>\n\t\t<li class=\"page_item page-item-13241\"><a href=\"https:\/\/stammkoenigartus.de\/?page_id=13241\">Kulinarischer Freitag (KuFrei)<\/a><\/li>\n\t<\/ul>\n<\/li>\n\t<li class=\"page_item page-item-33\"><a href=\"https:\/\/stammkoenigartus.de\/?page_id=33\">Kontakt<\/a><\/li>\n\t<li class=\"page_item page-item-17325\"><a href=\"https:\/\/stammkoenigartus.de\/?page_id=17325\">Beitr\u00e4ge und Bilder<\/a><\/li>\n\t<li class=\"page_item page-item-17222 page_item_has_children\"><a href=\"https:\/\/stammkoenigartus.de\/?page_id=17222\">\u00dcber uns<\/a>\n\t<ul class='children'>\n\t\t<li class=\"page_item page-item-36\"><a href=\"https:\/\/stammkoenigartus.de\/?page_id=36\">Unsere Vergangenheit<\/a><\/li>\n\t\t<li class=\"page_item page-item-422\"><a href=\"https:\/\/stammkoenigartus.de\/?page_id=422\">Neue Wege gehen<\/a><\/li>\n\t\t<li class=\"page_item page-item-21420\"><a href=\"https:\/\/stammkoenigartus.de\/?page_id=21420\">Unterst\u00fctzer des Stammes<\/a><\/li>\n\t\t<li class=\"page_item page-item-12028 page_item_has_children\"><a href=\"https:\/\/stammkoenigartus.de\/\">Wir stellen uns vor<\/a>\n\t\t<ul class='children'>\n\t\t\t<li class=\"page_item page-item-17718\"><a href=\"https:\/\/stammkoenigartus.de\/?page_id=17718\">Halloween Anmeldung<\/a><\/li>\n\t\t<\/ul>\n<\/li>\n\t<\/ul>\n<\/li>\n\t<li class=\"page_item page-item-8886 current_page_parent\"><a href=\"https:\/\/stammkoenigartus.de\/?page_id=8886\">Berichte und Beitr\u00e4ge<\/a><\/li>\n\t<li class=\"page_item page-item-17384 page_item_has_children\"><a href=\"https:\/\/stammkoenigartus.de\/?page_id=17384\">Footer<\/a>\n\t<ul class='children'>\n\t\t<li class=\"page_item page-item-10547\"><a href=\"https:\/\/stammkoenigartus.de\/?page_id=10547\">Sitemap Stamm K\u00f6nig Artus<\/a><\/li>\n\t\t<li class=\"page_item page-item-14908\"><a href=\"https:\/\/stammkoenigartus.de\/?page_id=14908\">Impressum<\/a><\/li>\n\t\t<li class=\"page_item page-item-14697\"><a href=\"https:\/\/stammkoenigartus.de\/?page_id=14697\">Datenschutzerkl\u00e4rung WordPress<\/a><\/li>\n\t\t<li class=\"page_item page-item-14051\"><a href=\"https:\/\/stammkoenigartus.de\/?page_id=14051\">AGB R\u00fcstkammer<\/a><\/li>\n\t<\/ul>\n<\/li>\n<\/ul>\n<\/li>\n<li class=\"page_item page-item-18929\"><a href=\"https:\/\/stammkoenigartus.de\/?page_id=18929\">72 Stunden Aktion 2024<\/a><\/li>\n<li class=\"page_item page-item-13914\"><a href=\"https:\/\/stammkoenigartus.de\/?page_id=13914\">Mein Konto<\/a><\/li>\n<\/ul><\/div><div id=\"wp-realtime-sitemap-posts\"><h3>Beitr\u00e4ge<\/h3><ul><li><a href=\"https:\/\/stammkoenigartus.de\/?p=22161\" title=\"Permalink zu Bikehaijk durchs Taubertal\" rel=\"bookmark\">Bikehaijk durchs Taubertal<\/a> <span>14\/04\/2026<\/span><\/li><li><a href=\"https:\/\/stammkoenigartus.de\/?p=22100\" title=\"Permalink zu Rovertreffen 2026\" rel=\"bookmark\">Rovertreffen 2026<\/a> <span>22\/02\/2026<\/span><\/li><li><a href=\"https:\/\/stammkoenigartus.de\/?p=21478\" title=\"Permalink zu Truppt\u00f6rn 2025\" rel=\"bookmark\">Truppt\u00f6rn 2025<\/a> <span>03\/09\/2025<\/span><\/li><li><a href=\"https:\/\/stammkoenigartus.de\/?p=22075\" title=\"Permalink zu Gro\u00dffahrt Nordmazedonien und Tschechien\" rel=\"bookmark\">Gro\u00dffahrt Nordmazedonien und Tschechien<\/a> <span>20\/08\/2025<\/span><\/li><li><a href=\"https:\/\/stammkoenigartus.de\/?p=21566\" title=\"Permalink zu Stammeslager 2025\" rel=\"bookmark\">Stammeslager 2025<\/a> <span>18\/07\/2025<\/span><\/li><li><a href=\"https:\/\/stammkoenigartus.de\/?p=21277\" title=\"Permalink zu Stammesrat 2025\" rel=\"bookmark\">Stammesrat 2025<\/a> <span>18\/07\/2025<\/span><\/li><li><a href=\"https:\/\/stammkoenigartus.de\/?p=21017\" title=\"Permalink zu Wandermarathon 2025\" rel=\"bookmark\">Wandermarathon 2025<\/a> <span>23\/05\/2025<\/span><\/li><li><a href=\"https:\/\/stammkoenigartus.de\/?p=21075\" title=\"Permalink zu Sippenfahrt Sippe Artus\" rel=\"bookmark\">Sippenfahrt Sippe Artus<\/a> <span>07\/05\/2025<\/span><\/li><li><a href=\"https:\/\/stammkoenigartus.de\/?p=21014\" title=\"Permalink zu Unser Roverausflug am 7. Mai 2025\" rel=\"bookmark\">Unser Roverausflug am 7. Mai 2025<\/a> <span>07\/05\/2025<\/span><\/li><li><a href=\"https:\/\/stammkoenigartus.de\/?p=20916\" title=\"Permalink zu Gemeinn\u00fctzige Arbeit f\u00fcrs Schild\" rel=\"bookmark\">Gemeinn\u00fctzige Arbeit f\u00fcrs Schild<\/a> <span>05\/05\/2025<\/span><\/li><li><a href=\"https:\/\/stammkoenigartus.de\/?p=20920\" title=\"Permalink zu Winterlager 2025 im Schloss Hogwarts\" rel=\"bookmark\">Winterlager 2025 im Schloss Hogwarts<\/a> <span>05\/01\/2025<\/span><\/li><li><a href=\"https:\/\/stammkoenigartus.de\/?p=20261\" title=\"Permalink zu Stadtaktion Berlin Sippe Mordred\" rel=\"bookmark\">Stadtaktion Berlin Sippe Mordred<\/a> <span>02\/12\/2024<\/span><\/li><li><a href=\"https:\/\/stammkoenigartus.de\/?p=19922\" title=\"Permalink zu Kriminaltango\" rel=\"bookmark\">Kriminaltango<\/a> <span>02\/11\/2024<\/span><\/li><li><a href=\"https:\/\/stammkoenigartus.de\/?p=19910\" title=\"Permalink zu Truppfahrt 24\" rel=\"bookmark\">Truppfahrt 24<\/a> <span>02\/11\/2024<\/span><\/li><li><a href=\"https:\/\/stammkoenigartus.de\/?p=19424\" title=\"Permalink zu Tagebuch Gro\u00dffahrt Griechenland 2024\" rel=\"bookmark\">Tagebuch Gro\u00dffahrt Griechenland 2024<\/a> <span>29\/08\/2024<\/span><\/li><li><a href=\"https:\/\/stammkoenigartus.de\/?p=18913\" title=\"Permalink zu Suchaktion 2024\" rel=\"bookmark\">Suchaktion 2024<\/a> <span>24\/03\/2024<\/span><\/li><li><a href=\"https:\/\/stammkoenigartus.de\/?p=18693\" title=\"Permalink zu Spa\u00dfaktion Sippe Mordred\" rel=\"bookmark\">Spa\u00dfaktion Sippe Mordred<\/a> <span>17\/09\/2023<\/span><\/li><li><a href=\"https:\/\/stammkoenigartus.de\/?p=18682\" title=\"Permalink zu Tagebuch Gro\u00dffahrt Liechtenstein 2023\" rel=\"bookmark\">Tagebuch Gro\u00dffahrt Liechtenstein 2023<\/a> <span>29\/08\/2023<\/span><\/li><li><a href=\"https:\/\/stammkoenigartus.de\/?p=18649\" title=\"Permalink zu Stammesrat 2023\" rel=\"bookmark\">Stammesrat 2023<\/a> <span>08\/07\/2023<\/span><\/li><li><a href=\"https:\/\/stammkoenigartus.de\/?p=18625\" title=\"Permalink zu Bundesmeutenlager 2023\" rel=\"bookmark\">Bundesmeutenlager 2023<\/a> <span>18\/06\/2023<\/span><\/li><li><a href=\"https:\/\/stammkoenigartus.de\/?p=18388\" title=\"Permalink zu Ringlager des Ring Bayern 2023\" rel=\"bookmark\">Ringlager des Ring Bayern 2023<\/a> <span>04\/06\/2023<\/span><\/li><li><a href=\"https:\/\/stammkoenigartus.de\/?p=18405\" title=\"Permalink zu Jurtenburgaufbau zum Ringlager\" rel=\"bookmark\">Jurtenburgaufbau zum Ringlager<\/a> <span>04\/06\/2023<\/span><\/li><li><a href=\"https:\/\/stammkoenigartus.de\/?p=18353\" title=\"Permalink zu 1. Sippenhaijk der Sippe Mordred\" rel=\"bookmark\">1. Sippenhaijk der Sippe Mordred<\/a> <span>01\/05\/2023<\/span><\/li><li><a href=\"https:\/\/stammkoenigartus.de\/?p=18317\" title=\"Permalink zu Osterwanderung unserer Rover in den Rodach Auen\" rel=\"bookmark\">Osterwanderung unserer Rover in den Rodach Auen<\/a> <span>23\/04\/2023<\/span><\/li><li><a href=\"https:\/\/stammkoenigartus.de\/?p=18284\" title=\"Permalink zu Skilager 2023\" rel=\"bookmark\">Skilager 2023<\/a> <span>23\/02\/2023<\/span><\/li><li><a href=\"https:\/\/stammkoenigartus.de\/?p=18295\" title=\"Permalink zu Faschingsumzug Stadtsteinach\" rel=\"bookmark\">Faschingsumzug Stadtsteinach<\/a> <span>19\/02\/2023<\/span><\/li><li><a href=\"https:\/\/stammkoenigartus.de\/?p=17925\" title=\"Permalink zu Winterlager 2023 &#8211; Clan-Streitigkeiten in Schottland gel\u00f6st\" rel=\"bookmark\">Winterlager 2023 &#8211; Clan-Streitigkeiten in Schottland gel\u00f6st<\/a> <span>10\/02\/2023<\/span><\/li><li><a href=\"https:\/\/stammkoenigartus.de\/?p=17802\" title=\"Permalink zu Bannernacht Sippe Mordred\" rel=\"bookmark\">Bannernacht Sippe Mordred<\/a> <span>20\/01\/2023<\/span><\/li><li><a href=\"https:\/\/stammkoenigartus.de\/?p=16866\" title=\"Permalink zu Tagebuch Gro\u00dffahrt Rum\u00e4nien 2022\" rel=\"bookmark\">Tagebuch Gro\u00dffahrt Rum\u00e4nien 2022<\/a> <span>03\/10\/2022<\/span><\/li><li><a href=\"https:\/\/stammkoenigartus.de\/?p=16982\" title=\"Permalink zu Rover-Fahrt Ector in den Bayrischen Wald 2022\" rel=\"bookmark\">Rover-Fahrt Ector in den Bayrischen Wald 2022<\/a> <span>13\/09\/2022<\/span><\/li><li><a href=\"https:\/\/stammkoenigartus.de\/?p=16975\" title=\"Permalink zu Rover-Ausflug am Stammeslager Rothenkirchen 2022\" rel=\"bookmark\">Rover-Ausflug am Stammeslager Rothenkirchen 2022<\/a> <span>13\/09\/2022<\/span><\/li><li><a href=\"https:\/\/stammkoenigartus.de\/?p=16844\" title=\"Permalink zu Stammeslager 2022\" rel=\"bookmark\">Stammeslager 2022<\/a> <span>29\/07\/2022<\/span><\/li><li><a href=\"https:\/\/stammkoenigartus.de\/?p=16807\" title=\"Permalink zu Meutenlager 2022\" rel=\"bookmark\">Meutenlager 2022<\/a> <span>30\/05\/2022<\/span><\/li><li><a href=\"https:\/\/stammkoenigartus.de\/?p=17923\" title=\"Permalink zu Bericht H\u00f6hlenhaijk Sippe Artus\" rel=\"bookmark\">Bericht H\u00f6hlenhaijk Sippe Artus<\/a> <span>11\/05\/2022<\/span><\/li><li><a href=\"https:\/\/stammkoenigartus.de\/?p=16764\" title=\"Permalink zu Heimnacht Meute Waldeule\" rel=\"bookmark\">Heimnacht Meute Waldeule<\/a> <span>21\/03\/2022<\/span><\/li><li><a href=\"https:\/\/stammkoenigartus.de\/?p=16724\" title=\"Permalink zu Skilager 2022\" rel=\"bookmark\">Skilager 2022<\/a> <span>14\/03\/2022<\/span><\/li><li><a href=\"https:\/\/stammkoenigartus.de\/?p=16741\" title=\"Permalink zu Postenlauf\/Sippenprobe 3\" rel=\"bookmark\">Postenlauf\/Sippenprobe 3<\/a> <span>20\/02\/2022<\/span><\/li><li><a href=\"https:\/\/stammkoenigartus.de\/?p=16698\" title=\"Permalink zu Skifahren am Silbersattel\" rel=\"bookmark\">Skifahren am Silbersattel<\/a> <span>13\/02\/2022<\/span><\/li><li><a href=\"https:\/\/stammkoenigartus.de\/?p=16630\" title=\"Permalink zu Planungsfahrt 2021\" rel=\"bookmark\">Planungsfahrt 2021<\/a> <span>05\/11\/2021<\/span><\/li><li><a href=\"https:\/\/stammkoenigartus.de\/?p=16534\" title=\"Permalink zu Halloween 2021\" rel=\"bookmark\">Halloween 2021<\/a> <span>01\/11\/2021<\/span><\/li><li><a href=\"https:\/\/stammkoenigartus.de\/?p=16355\" title=\"Permalink zu Roverhaijk im Steinachtal 2021\" rel=\"bookmark\">Roverhaijk im Steinachtal 2021<\/a> <span>12\/09\/2021<\/span><\/li><li><a href=\"https:\/\/stammkoenigartus.de\/?p=16341\" title=\"Permalink zu Heimnacht Meute Waldeule\" rel=\"bookmark\">Heimnacht Meute Waldeule<\/a> <span>05\/09\/2021<\/span><\/li><li><a href=\"https:\/\/stammkoenigartus.de\/?p=16501\" title=\"Permalink zu Tagebuch Gro\u00dffahrt Schweden\" rel=\"bookmark\">Tagebuch Gro\u00dffahrt Schweden<\/a> <span>16\/08\/2021<\/span><\/li><li><a href=\"https:\/\/stammkoenigartus.de\/?p=16262\" title=\"Permalink zu Stammeslager 2021\" rel=\"bookmark\">Stammeslager 2021<\/a> <span>19\/07\/2021<\/span><\/li><li><a href=\"https:\/\/stammkoenigartus.de\/?p=16329\" title=\"Permalink zu Waldnacht Meute Waldeule\" rel=\"bookmark\">Waldnacht Meute Waldeule<\/a> <span>07\/07\/2021<\/span><\/li><li><a href=\"https:\/\/stammkoenigartus.de\/?p=16222\" title=\"Permalink zu Entf\u00fchrt von einem Unbekannten &#8211; Wettlauf gegen die Zeit\" rel=\"bookmark\">Entf\u00fchrt von einem Unbekannten &#8211; Wettlauf gegen die Zeit<\/a> <span>05\/05\/2021<\/span><\/li><li><a href=\"https:\/\/stammkoenigartus.de\/?p=16227\" title=\"Permalink zu Endspurt &#8211; der letzte Honig kommt in die Gl\u00e4ser\" rel=\"bookmark\">Endspurt &#8211; der letzte Honig kommt in die Gl\u00e4ser<\/a> <span>02\/05\/2021<\/span><\/li><li><a href=\"https:\/\/stammkoenigartus.de\/?p=16189\" title=\"Permalink zu Internetnacht Meute 2021\" rel=\"bookmark\">Internetnacht Meute 2021<\/a> <span>18\/04\/2021<\/span><\/li><li><a href=\"https:\/\/stammkoenigartus.de\/?p=15962\" title=\"Permalink zu Die Sage um Burg Epprechtstein\" rel=\"bookmark\">Die Sage um Burg Epprechtstein<\/a> <span>13\/09\/2020<\/span><\/li><li><a href=\"https:\/\/stammkoenigartus.de\/?p=15946\" title=\"Permalink zu Rovergruppe \u201eSir Ector\u201c erkundet die n\u00e4here Heimat\" rel=\"bookmark\">Rovergruppe \u201eSir Ector\u201c erkundet die n\u00e4here Heimat<\/a> <span>24\/08\/2020<\/span><\/li><li><a href=\"https:\/\/stammkoenigartus.de\/?p=15910\" title=\"Permalink zu Tagebuch Gro\u00dffahrt Harra (Th\u00fcringen) 2020\" rel=\"bookmark\">Tagebuch Gro\u00dffahrt Harra (Th\u00fcringen) 2020<\/a> <span>09\/08\/2020<\/span><\/li><li><a href=\"https:\/\/stammkoenigartus.de\/?p=15855\" title=\"Permalink zu Erster Haijk 2020\" rel=\"bookmark\">Erster Haijk 2020<\/a> <span>07\/06\/2020<\/span><\/li><li><a href=\"https:\/\/stammkoenigartus.de\/?p=15839\" title=\"Permalink zu Kinderfasching 2020\" rel=\"bookmark\">Kinderfasching 2020<\/a> <span>14\/03\/2020<\/span><\/li><li><a href=\"https:\/\/stammkoenigartus.de\/?p=15801\" title=\"Permalink zu Was machen unsere Bienen?\" rel=\"bookmark\">Was machen unsere Bienen?<\/a> <span>11\/12\/2019<\/span><\/li><li><a href=\"https:\/\/stammkoenigartus.de\/?p=15760\" title=\"Permalink zu Halloween 2019\" rel=\"bookmark\">Halloween 2019<\/a> <span>21\/11\/2019<\/span><\/li><li><a href=\"https:\/\/stammkoenigartus.de\/?p=15662\" title=\"Permalink zu Tagebuch Gro\u00dffahrt Kochel am See 2019\" rel=\"bookmark\">Tagebuch Gro\u00dffahrt Kochel am See 2019<\/a> <span>24\/09\/2019<\/span><\/li><li><a href=\"https:\/\/stammkoenigartus.de\/?p=15600\" title=\"Permalink zu Haijk der Sippe Gareth\" rel=\"bookmark\">Haijk der Sippe Gareth<\/a> <span>25\/08\/2019<\/span><\/li><li><a href=\"https:\/\/stammkoenigartus.de\/?p=15582\" title=\"Permalink zu Stammeslager 2019\" rel=\"bookmark\">Stammeslager 2019<\/a> <span>14\/07\/2019<\/span><\/li><li><a href=\"https:\/\/stammkoenigartus.de\/?p=15561\" title=\"Permalink zu Unkraut\" rel=\"bookmark\">Unkraut<\/a> <span>23\/06\/2019<\/span><\/li><li><a href=\"https:\/\/stammkoenigartus.de\/?p=15535\" title=\"Permalink zu DPV Sippenaktion\" rel=\"bookmark\">DPV Sippenaktion<\/a> <span>07\/06\/2019<\/span><\/li><li><a href=\"https:\/\/stammkoenigartus.de\/?p=15498\" title=\"Permalink zu Meutenlager 2019\" rel=\"bookmark\">Meutenlager 2019<\/a> <span>12\/05\/2019<\/span><\/li><li><a href=\"https:\/\/stammkoenigartus.de\/?p=15465\" title=\"Permalink zu Singlehaijk 1\/2019\" rel=\"bookmark\">Singlehaijk 1\/2019<\/a> <span>04\/05\/2019<\/span><\/li><li><a href=\"https:\/\/stammkoenigartus.de\/?p=15427\" title=\"Permalink zu Zamm geht&#8217;s Aktion 2019\" rel=\"bookmark\">Zamm geht&#8217;s Aktion 2019<\/a> <span>15\/04\/2019<\/span><\/li><li><a href=\"https:\/\/stammkoenigartus.de\/?p=15423\" title=\"Permalink zu Roverfahrt Sir Ector 2019\" rel=\"bookmark\">Roverfahrt Sir Ector 2019<\/a> <span>07\/04\/2019<\/span><\/li><li><a href=\"https:\/\/stammkoenigartus.de\/?p=15317\" title=\"Permalink zu Skilager 2019\" rel=\"bookmark\">Skilager 2019<\/a> <span>10\/03\/2019<\/span><\/li><li><a href=\"https:\/\/stammkoenigartus.de\/?p=15420\" title=\"Permalink zu Heim\u00fcbernachtung Sippe Merlin Februar 2019\" rel=\"bookmark\">Heim\u00fcbernachtung Sippe Merlin Februar 2019<\/a> <span>18\/02\/2019<\/span><\/li><li><a href=\"https:\/\/stammkoenigartus.de\/?p=15163\" title=\"Permalink zu Winterlager 2019\" rel=\"bookmark\">Winterlager 2019<\/a> <span>06\/01\/2019<\/span><\/li><li><a href=\"https:\/\/stammkoenigartus.de\/?p=15151\" title=\"Permalink zu Friedenslicht 2018\" rel=\"bookmark\">Friedenslicht 2018<\/a> <span>26\/12\/2018<\/span><\/li><li><a href=\"https:\/\/stammkoenigartus.de\/?p=14968\" title=\"Permalink zu Stammesrat 2018\" rel=\"bookmark\">Stammesrat 2018<\/a> <span>12\/10\/2018<\/span><\/li><li><a href=\"https:\/\/stammkoenigartus.de\/?p=14960\" title=\"Permalink zu Gfrierh\u00e4uslafest 2018\" rel=\"bookmark\">Gfrierh\u00e4uslafest 2018<\/a> <span>12\/10\/2018<\/span><\/li><li><a href=\"https:\/\/stammkoenigartus.de\/?p=14882\" title=\"Permalink zu Jugendfreizeit 2018\" rel=\"bookmark\">Jugendfreizeit 2018<\/a> <span>04\/09\/2018<\/span><\/li><li><a href=\"https:\/\/stammkoenigartus.de\/?p=14847\" title=\"Permalink zu Tagebuch Gro\u00dffahrt Italien\" rel=\"bookmark\">Tagebuch Gro\u00dffahrt Italien<\/a> <span>18\/08\/2018<\/span><\/li><li><a href=\"https:\/\/stammkoenigartus.de\/?p=14730\" title=\"Permalink zu Honigernte 2018\" rel=\"bookmark\">Honigernte 2018<\/a> <span>22\/07\/2018<\/span><\/li><li><a href=\"https:\/\/stammkoenigartus.de\/?p=14654\" title=\"Permalink zu Johannisfeuer Grafenw\u00f6hr 2018\" rel=\"bookmark\">Johannisfeuer Grafenw\u00f6hr 2018<\/a> <span>28\/06\/2018<\/span><\/li><li><a href=\"https:\/\/stammkoenigartus.de\/?p=14584\" title=\"Permalink zu Bericht Fahrtenfreitag\" rel=\"bookmark\">Bericht Fahrtenfreitag<\/a> <span>24\/06\/2018<\/span><\/li><li><a href=\"https:\/\/stammkoenigartus.de\/?p=14594\" title=\"Permalink zu Meutenlager 2018\" rel=\"bookmark\">Meutenlager 2018<\/a> <span>17\/06\/2018<\/span><\/li><li><a href=\"https:\/\/stammkoenigartus.de\/?p=14346\" title=\"Permalink zu 30. Jubil\u00e4um Deutscher Pfadfinderbund Mosaik (DPbM)\" rel=\"bookmark\">30. Jubil\u00e4um Deutscher Pfadfinderbund Mosaik (DPbM)<\/a> <span>21\/05\/2018<\/span><\/li><li><a href=\"https:\/\/stammkoenigartus.de\/?p=14491\" title=\"Permalink zu Kompasslauf ERFOLGREICH\" rel=\"bookmark\">Kompasslauf ERFOLGREICH<\/a> <span>10\/05\/2018<\/span><\/li><li><a href=\"https:\/\/stammkoenigartus.de\/?p=17319\" title=\"Permalink zu Cold Water Challenge\" rel=\"bookmark\">Cold Water Challenge<\/a> <span>01\/05\/2018<\/span><\/li><li><a href=\"https:\/\/stammkoenigartus.de\/?p=14416\" title=\"Permalink zu 1. Platz Jugendpreis 2018\" rel=\"bookmark\">1. Platz Jugendpreis 2018<\/a> <span>28\/04\/2018<\/span><\/li><li><a href=\"https:\/\/stammkoenigartus.de\/?p=14388\" title=\"Permalink zu F\u00fchrerschulung 2018 erfolgreich!!\" rel=\"bookmark\">F\u00fchrerschulung 2018 erfolgreich!!<\/a> <span>17\/04\/2018<\/span><\/li><li><a href=\"https:\/\/stammkoenigartus.de\/?p=14374\" title=\"Permalink zu Wir waren an der Schule\" rel=\"bookmark\">Wir waren an der Schule<\/a> <span>17\/04\/2018<\/span><\/li><li><a href=\"https:\/\/stammkoenigartus.de\/?p=14348\" title=\"Permalink zu Altkleidersammlung Steinwiesen\" rel=\"bookmark\">Altkleidersammlung Steinwiesen<\/a> <span>01\/04\/2018<\/span><\/li><li><a href=\"https:\/\/stammkoenigartus.de\/?p=14335\" title=\"Permalink zu Bericht Homepagetreffen 1 2018\" rel=\"bookmark\">Bericht Homepagetreffen 1 2018<\/a> <span>30\/03\/2018<\/span><\/li><li><a href=\"https:\/\/stammkoenigartus.de\/?p=14322\" title=\"Permalink zu Holzaktion 1,  2018\" rel=\"bookmark\">Holzaktion 1,  2018<\/a> <span>18\/03\/2018<\/span><\/li><li><a href=\"https:\/\/stammkoenigartus.de\/?p=14294\" title=\"Permalink zu Bericht Skilager 2018\" rel=\"bookmark\">Bericht Skilager 2018<\/a> <span>12\/03\/2018<\/span><\/li><li><a href=\"https:\/\/stammkoenigartus.de\/?p=14221\" title=\"Permalink zu Geschichtsnacht 2018\" rel=\"bookmark\">Geschichtsnacht 2018<\/a> <span>06\/03\/2018<\/span><\/li><li><a href=\"https:\/\/stammkoenigartus.de\/?p=14330\" title=\"Permalink zu Bericht Jahresanfangsfeier 2018\" rel=\"bookmark\">Bericht Jahresanfangsfeier 2018<\/a> <span>26\/02\/2018<\/span><\/li><li><a href=\"https:\/\/stammkoenigartus.de\/?p=13896\" title=\"Permalink zu Bericht Kinderfasching 2018\" rel=\"bookmark\">Bericht Kinderfasching 2018<\/a> <span>07\/02\/2018<\/span><\/li><li><a href=\"https:\/\/stammkoenigartus.de\/?p=13889\" title=\"Permalink zu Roverfahrt nach K\u00f6stenschm\u00f6lz\" rel=\"bookmark\">Roverfahrt nach K\u00f6stenschm\u00f6lz<\/a> <span>23\/01\/2018<\/span><\/li><li><a href=\"https:\/\/stammkoenigartus.de\/?p=13837\" title=\"Permalink zu \u00dcber die Pfadfinderei &#8211; Willi Pechtold im Interview\" rel=\"bookmark\">\u00dcber die Pfadfinderei &#8211; Willi Pechtold im Interview<\/a> <span>20\/11\/2017<\/span><\/li><li><a href=\"https:\/\/stammkoenigartus.de\/?p=13835\" title=\"Permalink zu Die Sippenprobe\" rel=\"bookmark\">Die Sippenprobe<\/a> <span>20\/11\/2017<\/span><\/li><li><a href=\"https:\/\/stammkoenigartus.de\/?p=13832\" title=\"Permalink zu \u00c4pfel sammeln und Apfelsaft\" rel=\"bookmark\">\u00c4pfel sammeln und Apfelsaft<\/a> <span>20\/11\/2017<\/span><\/li><li><a href=\"https:\/\/stammkoenigartus.de\/?p=13796\" title=\"Permalink zu Bundesmeutenlager K\u00f6ln 2018\" rel=\"bookmark\">Bundesmeutenlager K\u00f6ln 2018<\/a> <span>16\/11\/2017<\/span><\/li><li><a href=\"https:\/\/stammkoenigartus.de\/?p=13786\" title=\"Permalink zu Ringlager 2018\" rel=\"bookmark\">Ringlager 2018<\/a> <span>16\/11\/2017<\/span><\/li><li><a href=\"https:\/\/stammkoenigartus.de\/?p=13579\" title=\"Permalink zu Frankenwald verbindet\" rel=\"bookmark\">Frankenwald verbindet<\/a> <span>27\/08\/2017<\/span><\/li><li><a href=\"https:\/\/stammkoenigartus.de\/?p=13573\" title=\"Permalink zu Tagebuch Gro\u00dffahrt D\u00e4nemark 2017\" rel=\"bookmark\">Tagebuch Gro\u00dffahrt D\u00e4nemark 2017<\/a> <span>19\/08\/2017<\/span><\/li><li><a href=\"https:\/\/stammkoenigartus.de\/?p=13444\" title=\"Permalink zu Bericht Haijk Sippe Morgan 2017\" rel=\"bookmark\">Bericht Haijk Sippe Morgan 2017<\/a> <span>18\/07\/2017<\/span><\/li><li><a href=\"https:\/\/stammkoenigartus.de\/?p=13442\" title=\"Permalink zu Bericht Haijk Sippe Gareth 2017\" rel=\"bookmark\">Bericht Haijk Sippe Gareth 2017<\/a> <span>18\/07\/2017<\/span><\/li><li><a href=\"https:\/\/stammkoenigartus.de\/?p=13439\" title=\"Permalink zu Bericht Johannisfeuer Waldl\u00e4ufer 2017\" rel=\"bookmark\">Bericht Johannisfeuer Waldl\u00e4ufer 2017<\/a> <span>18\/07\/2017<\/span><\/li><li><a href=\"https:\/\/stammkoenigartus.de\/?p=13435\" title=\"Permalink zu Bericht Stammeslager 2017\" rel=\"bookmark\">Bericht Stammeslager 2017<\/a> <span>18\/07\/2017<\/span><\/li><li><a href=\"https:\/\/stammkoenigartus.de\/?p=13351\" title=\"Permalink zu Bericht Bundessingefest 2017\" rel=\"bookmark\">Bericht Bundessingefest 2017<\/a> <span>22\/06\/2017<\/span><\/li><li><a href=\"https:\/\/stammkoenigartus.de\/?p=13334\" title=\"Permalink zu 1. Zeltlager in Steinwiesen\" rel=\"bookmark\">1. Zeltlager in Steinwiesen<\/a> <span>15\/06\/2017<\/span><\/li><li><a href=\"https:\/\/stammkoenigartus.de\/?p=13326\" title=\"Permalink zu Planungstreffen der Roverrunde &#8222;Sir Ector&#8220;\" rel=\"bookmark\">Planungstreffen der Roverrunde &#8222;Sir Ector&#8220;<\/a> <span>15\/06\/2017<\/span><\/li><li><a href=\"https:\/\/stammkoenigartus.de\/?p=13302\" title=\"Permalink zu Bericht Tagesausflug Meuten 2017\" rel=\"bookmark\">Bericht Tagesausflug Meuten 2017<\/a> <span>04\/06\/2017<\/span><\/li><li><a href=\"https:\/\/stammkoenigartus.de\/?p=13299\" title=\"Permalink zu Bericht Meutenlager 2017\" rel=\"bookmark\">Bericht Meutenlager 2017<\/a> <span>04\/06\/2017<\/span><\/li><li><a href=\"https:\/\/stammkoenigartus.de\/?p=13267\" title=\"Permalink zu Neue Lilie\" rel=\"bookmark\">Neue Lilie<\/a> <span>25\/05\/2017<\/span><\/li><li><a href=\"https:\/\/stammkoenigartus.de\/?p=13166\" title=\"Permalink zu Die Jagd nach dem 5. Element\" rel=\"bookmark\">Die Jagd nach dem 5. Element<\/a> <span>07\/05\/2017<\/span><\/li><li><a href=\"https:\/\/stammkoenigartus.de\/?p=13156\" title=\"Permalink zu Jugendpreis 2017 &#8211; Preisverleihung\" rel=\"bookmark\">Jugendpreis 2017 &#8211; Preisverleihung<\/a> <span>28\/04\/2017<\/span><\/li><li><a href=\"https:\/\/stammkoenigartus.de\/?p=13105\" title=\"Permalink zu Bericht 1. Homepagetreffen 2017\" rel=\"bookmark\">Bericht 1. Homepagetreffen 2017<\/a> <span>23\/04\/2017<\/span><\/li><li><a href=\"https:\/\/stammkoenigartus.de\/?p=13021\" title=\"Permalink zu Bericht &#8222;Zamm&#8216; geht&#8217;s&#8220; 2017\" rel=\"bookmark\">Bericht &#8222;Zamm&#8216; geht&#8217;s&#8220; 2017<\/a> <span>19\/04\/2017<\/span><\/li><li><a href=\"https:\/\/stammkoenigartus.de\/?p=12969\" title=\"Permalink zu Reiner Bl\u00fcchel feierte seinen 50.\" rel=\"bookmark\">Reiner Bl\u00fcchel feierte seinen 50.<\/a> <span>22\/03\/2017<\/span><\/li><li><a href=\"https:\/\/stammkoenigartus.de\/?p=12966\" title=\"Permalink zu Das AZB-P\u00e4ckchen\" rel=\"bookmark\">Das AZB-P\u00e4ckchen<\/a> <span>14\/03\/2017<\/span><\/li><li><a href=\"https:\/\/stammkoenigartus.de\/?p=12962\" title=\"Permalink zu Die Tafelrunde\" rel=\"bookmark\">Die Tafelrunde<\/a> <span>14\/03\/2017<\/span><\/li><li><a href=\"https:\/\/stammkoenigartus.de\/?p=12959\" title=\"Permalink zu Was bedeutet es ein Gruppenf\u00fchrer zu sein?\" rel=\"bookmark\">Was bedeutet es ein Gruppenf\u00fchrer zu sein?<\/a> <span>14\/03\/2017<\/span><\/li><li><a href=\"https:\/\/stammkoenigartus.de\/?p=12938\" title=\"Permalink zu Altkleidersammlung Steinwiesen\" rel=\"bookmark\">Altkleidersammlung Steinwiesen<\/a> <span>12\/03\/2017<\/span><\/li><li><a href=\"https:\/\/stammkoenigartus.de\/?p=12893\" title=\"Permalink zu Bericht Skilager 2017\" rel=\"bookmark\">Bericht Skilager 2017<\/a> <span>06\/03\/2017<\/span><\/li><li><a href=\"https:\/\/stammkoenigartus.de\/?p=12891\" title=\"Permalink zu Bericht Internetnacht\" rel=\"bookmark\">Bericht Internetnacht<\/a> <span>06\/03\/2017<\/span><\/li><li><a href=\"https:\/\/stammkoenigartus.de\/?p=12818\" title=\"Permalink zu Bericht Kinderfasching 2017\" rel=\"bookmark\">Bericht Kinderfasching 2017<\/a> <span>01\/02\/2017<\/span><\/li><li><a href=\"https:\/\/stammkoenigartus.de\/?p=12740\" title=\"Permalink zu Bericht Weihnachtsmarkt 2016\" rel=\"bookmark\">Bericht Weihnachtsmarkt 2016<\/a> <span>18\/01\/2017<\/span><\/li><li><a href=\"https:\/\/stammkoenigartus.de\/?p=12695\" title=\"Permalink zu Bericht Winterlager 2017\" rel=\"bookmark\">Bericht Winterlager 2017<\/a> <span>07\/01\/2017<\/span><\/li><li><a href=\"https:\/\/stammkoenigartus.de\/?p=12505\" title=\"Permalink zu Bericht Ostseefahrt &#8211; Sippen Camelot und Iwain\" rel=\"bookmark\">Bericht Ostseefahrt &#8211; Sippen Camelot und Iwain<\/a> <span>19\/11\/2016<\/span><\/li><li><a href=\"https:\/\/stammkoenigartus.de\/?p=12469\" title=\"Permalink zu Bericht Erste-Hilfe-Kurs am 22. Oktober 2016\" rel=\"bookmark\">Bericht Erste-Hilfe-Kurs am 22. Oktober 2016<\/a> <span>12\/11\/2016<\/span><\/li><li><a href=\"https:\/\/stammkoenigartus.de\/?p=12457\" title=\"Permalink zu Gefrierh\u00e4uslafest\" rel=\"bookmark\">Gefrierh\u00e4uslafest<\/a> <span>09\/11\/2016<\/span><\/li><li><a href=\"https:\/\/stammkoenigartus.de\/?p=12414\" title=\"Permalink zu Planungstreffen f\u00fcr das Jahr 2017 im Pfadfinderheim in Steinwiesen\" rel=\"bookmark\">Planungstreffen f\u00fcr das Jahr 2017 im Pfadfinderheim in Steinwiesen<\/a> <span>30\/10\/2016<\/span><\/li><li><a href=\"https:\/\/stammkoenigartus.de\/?p=12266\" title=\"Permalink zu Bericht Backofenbau\" rel=\"bookmark\">Bericht Backofenbau<\/a> <span>04\/09\/2016<\/span><\/li><li><a href=\"https:\/\/stammkoenigartus.de\/?p=12243\" title=\"Permalink zu XXL Haijk\" rel=\"bookmark\">XXL Haijk<\/a> <span>28\/08\/2016<\/span><\/li><li><a href=\"https:\/\/stammkoenigartus.de\/?p=12140\" title=\"Permalink zu Freizeit in der Natur\" rel=\"bookmark\">Freizeit in der Natur<\/a> <span>09\/08\/2016<\/span><\/li><li><a href=\"https:\/\/stammkoenigartus.de\/?p=12132\" title=\"Permalink zu Gruppenstunde Meute Fledermaus am 17. Juni 2016\" rel=\"bookmark\">Gruppenstunde Meute Fledermaus am 17. Juni 2016<\/a> <span>09\/08\/2016<\/span><\/li><li><a href=\"https:\/\/stammkoenigartus.de\/?p=12128\" title=\"Permalink zu Gruppenstunde Meute Fledermaus am 1. Juli 2016\" rel=\"bookmark\">Gruppenstunde Meute Fledermaus am 1. Juli 2016<\/a> <span>08\/08\/2016<\/span><\/li><li><a href=\"https:\/\/stammkoenigartus.de\/?p=12123\" title=\"Permalink zu Gruppenstunde Meute Fledermaus am 10. Juni 2016\" rel=\"bookmark\">Gruppenstunde Meute Fledermaus am 10. Juni 2016<\/a> <span>08\/08\/2016<\/span><\/li><li><a href=\"https:\/\/stammkoenigartus.de\/?p=12115\" title=\"Permalink zu Gruppenstunde Meute Fledermaus am 15. Juli 2016\" rel=\"bookmark\">Gruppenstunde Meute Fledermaus am 15. Juli 2016<\/a> <span>08\/08\/2016<\/span><\/li><li><a href=\"https:\/\/stammkoenigartus.de\/?p=12101\" title=\"Permalink zu Gruppenstunde Meute Fledermaus am 3. Juni 2016\" rel=\"bookmark\">Gruppenstunde Meute Fledermaus am 3. Juni 2016<\/a> <span>08\/08\/2016<\/span><\/li><li><a href=\"https:\/\/stammkoenigartus.de\/?p=12093\" title=\"Permalink zu Bericht Stammeslager 2016\" rel=\"bookmark\">Bericht Stammeslager 2016<\/a> <span>01\/08\/2016<\/span><\/li><li><a href=\"https:\/\/stammkoenigartus.de\/?p=11882\" title=\"Permalink zu Ringmeutenlager 2016\" rel=\"bookmark\">Ringmeutenlager 2016<\/a> <span>19\/07\/2016<\/span><\/li><li><a href=\"https:\/\/stammkoenigartus.de\/?p=11872\" title=\"Permalink zu Gro\u00dffahrt 2016 \/ Beitrag Meute\" rel=\"bookmark\">Gro\u00dffahrt 2016 \/ Beitrag Meute<\/a> <span>19\/07\/2016<\/span><\/li><li><a href=\"https:\/\/stammkoenigartus.de\/?p=11850\" title=\"Permalink zu Meutenlager 2016\" rel=\"bookmark\">Meutenlager 2016<\/a> <span>16\/07\/2016<\/span><\/li><li><a href=\"https:\/\/stammkoenigartus.de\/?p=17310\" title=\"Permalink zu Bericht zum Rovertreffen\" rel=\"bookmark\">Bericht zum Rovertreffen<\/a> <span>15\/07\/2016<\/span><\/li><li><a href=\"https:\/\/stammkoenigartus.de\/?p=11761\" title=\"Permalink zu Bericht Rovertreffen 2016\" rel=\"bookmark\">Bericht Rovertreffen 2016<\/a> <span>15\/06\/2016<\/span><\/li><li><a href=\"https:\/\/stammkoenigartus.de\/?p=11710\" title=\"Permalink zu Bericht Gro\u00dffahrt 2016\" rel=\"bookmark\">Bericht Gro\u00dffahrt 2016<\/a> <span>26\/05\/2016<\/span><\/li><li><a href=\"https:\/\/stammkoenigartus.de\/?p=11595\" title=\"Permalink zu ZAM geht&#8217;s\" rel=\"bookmark\">ZAM geht&#8217;s<\/a> <span>23\/04\/2016<\/span><\/li><li><a href=\"https:\/\/stammkoenigartus.de\/?p=11585\" title=\"Permalink zu Bericht zur Geschichtsnacht 2016\" rel=\"bookmark\">Bericht zur Geschichtsnacht 2016<\/a> <span>18\/04\/2016<\/span><\/li><li><a href=\"https:\/\/stammkoenigartus.de\/?p=11574\" title=\"Permalink zu Bericht Guppenf\u00fchrerschulung\" rel=\"bookmark\">Bericht Guppenf\u00fchrerschulung<\/a> <span>10\/04\/2016<\/span><\/li><li><a href=\"https:\/\/stammkoenigartus.de\/?p=11462\" title=\"Permalink zu Bericht Stammesrat 2016\" rel=\"bookmark\">Bericht Stammesrat 2016<\/a> <span>20\/02\/2016<\/span><\/li><li><a href=\"https:\/\/stammkoenigartus.de\/?p=11396\" title=\"Permalink zu Bericht Skilager 2016\" rel=\"bookmark\">Bericht Skilager 2016<\/a> <span>10\/02\/2016<\/span><\/li><li><a href=\"https:\/\/stammkoenigartus.de\/?p=11285\" title=\"Permalink zu Bericht Kinderfasching 2016\" rel=\"bookmark\">Bericht Kinderfasching 2016<\/a> <span>20\/01\/2016<\/span><\/li><li><a href=\"https:\/\/stammkoenigartus.de\/?p=11164\" title=\"Permalink zu Bericht Weihnachtsmarkt 2015\" rel=\"bookmark\">Bericht Weihnachtsmarkt 2015<\/a> <span>17\/12\/2015<\/span><\/li><li><a href=\"https:\/\/stammkoenigartus.de\/?p=10965\" title=\"Permalink zu Bericht Gel\u00e4ndeaktion 2015\" rel=\"bookmark\">Bericht Gel\u00e4ndeaktion 2015<\/a> <span>25\/10\/2015<\/span><\/li><li><a href=\"https:\/\/stammkoenigartus.de\/?p=10815\" title=\"Permalink zu Bericht Kerwa Seibelsdorf 2015\" rel=\"bookmark\">Bericht Kerwa Seibelsdorf 2015<\/a> <span>24\/09\/2015<\/span><\/li><li><a href=\"https:\/\/stammkoenigartus.de\/?p=10802\" title=\"Permalink zu Bericht H\u00f6hlenhaijk 2.0 Sippe Camelot\" rel=\"bookmark\">Bericht H\u00f6hlenhaijk 2.0 Sippe Camelot<\/a> <span>17\/09\/2015<\/span><\/li><li><a href=\"https:\/\/stammkoenigartus.de\/?p=10635\" title=\"Permalink zu Bericht Haijk durch den Frankenwald\" rel=\"bookmark\">Bericht Haijk durch den Frankenwald<\/a> <span>03\/09\/2015<\/span><\/li><li><a href=\"https:\/\/stammkoenigartus.de\/?p=12067\" title=\"Permalink zu Bilder Tagebuch Gro\u00dffahrt Montenegro 2015\" rel=\"bookmark\">Bilder Tagebuch Gro\u00dffahrt Montenegro 2015<\/a> <span>03\/09\/2015<\/span><\/li><li><a href=\"https:\/\/stammkoenigartus.de\/?p=10421\" title=\"Permalink zu Bericht Kreisspielfest 2015\" rel=\"bookmark\">Bericht Kreisspielfest 2015<\/a> <span>26\/07\/2015<\/span><\/li><li><a href=\"https:\/\/stammkoenigartus.de\/?p=10508\" title=\"Permalink zu Projekt Heim: Stangenraum &#8222;Der Schutt muss raus&#8220;\" rel=\"bookmark\">Projekt Heim: Stangenraum &#8222;Der Schutt muss raus&#8220;<\/a> <span>26\/07\/2015<\/span><\/li><li><a href=\"https:\/\/stammkoenigartus.de\/?p=10333\" title=\"Permalink zu Bericht Stammeslager\" rel=\"bookmark\">Bericht Stammeslager<\/a> <span>19\/07\/2015<\/span><\/li><li><a href=\"https:\/\/stammkoenigartus.de\/?p=10326\" title=\"Permalink zu PROJEKT HEIM: Sippe Gareth renoviert!\" rel=\"bookmark\">PROJEKT HEIM: Sippe Gareth renoviert!<\/a> <span>15\/07\/2015<\/span><\/li><li><a href=\"https:\/\/stammkoenigartus.de\/?p=10322\" title=\"Permalink zu Projekt Heim: Pflastern\" rel=\"bookmark\">Projekt Heim: Pflastern<\/a> <span>15\/07\/2015<\/span><\/li><li><a href=\"https:\/\/stammkoenigartus.de\/?p=10290\" title=\"Permalink zu Grillfest mit unseren Freunden aus Burgkunstadt\" rel=\"bookmark\">Grillfest mit unseren Freunden aus Burgkunstadt<\/a> <span>08\/07\/2015<\/span><\/li><li><a href=\"https:\/\/stammkoenigartus.de\/?p=10269\" title=\"Permalink zu Bericht Meutenlager 2015\" rel=\"bookmark\">Bericht Meutenlager 2015<\/a> <span>27\/06\/2015<\/span><\/li><li><a href=\"https:\/\/stammkoenigartus.de\/?p=10133\" title=\"Permalink zu Bericht Tagesausflug Meuten 2015\" rel=\"bookmark\">Bericht Tagesausflug Meuten 2015<\/a> <span>30\/05\/2015<\/span><\/li><li><a href=\"https:\/\/stammkoenigartus.de\/?p=10089\" title=\"Permalink zu DPV Verbandslager\" rel=\"bookmark\">DPV Verbandslager<\/a> <span>27\/05\/2015<\/span><\/li><li><a href=\"https:\/\/stammkoenigartus.de\/?p=10126\" title=\"Permalink zu Altkleidersammlung 2015\" rel=\"bookmark\">Altkleidersammlung 2015<\/a> <span>16\/05\/2015<\/span><\/li><li><a href=\"https:\/\/stammkoenigartus.de\/?p=10130\" title=\"Permalink zu Projekt Heim: Steine zum Heim\" rel=\"bookmark\">Projekt Heim: Steine zum Heim<\/a> <span>15\/05\/2015<\/span><\/li><li><a href=\"https:\/\/stammkoenigartus.de\/?p=10064\" title=\"Permalink zu Projekt Heim: Pflanzaktion Schneehasen\" rel=\"bookmark\">Projekt Heim: Pflanzaktion Schneehasen<\/a> <span>09\/05\/2015<\/span><\/li><li><a href=\"https:\/\/stammkoenigartus.de\/?p=10053\" title=\"Permalink zu Projekt Heim: Erde raus, Schotter rein\" rel=\"bookmark\">Projekt Heim: Erde raus, Schotter rein<\/a> <span>09\/05\/2015<\/span><\/li><li><a href=\"https:\/\/stammkoenigartus.de\/?p=10115\" title=\"Permalink zu Projekt Heim: Rittersaal in Wei\u00df\" rel=\"bookmark\">Projekt Heim: Rittersaal in Wei\u00df<\/a> <span>20\/04\/2015<\/span><\/li><li><a href=\"https:\/\/stammkoenigartus.de\/?p=9749\" title=\"Permalink zu Projekt Heim: Streichaktion Eingang\" rel=\"bookmark\">Projekt Heim: Streichaktion Eingang<\/a> <span>04\/04\/2015<\/span><\/li><li><a href=\"https:\/\/stammkoenigartus.de\/?p=9685\" title=\"Permalink zu Projekt Heim: Sippe Camelot Regalbau\" rel=\"bookmark\">Projekt Heim: Sippe Camelot Regalbau<\/a> <span>29\/03\/2015<\/span><\/li><li><a href=\"https:\/\/stammkoenigartus.de\/?p=9453\" title=\"Permalink zu Sippe Galahad erste Sippen\u00fcbernachtung\" rel=\"bookmark\">Sippe Galahad erste Sippen\u00fcbernachtung<\/a> <span>29\/03\/2015<\/span><\/li><li><a href=\"https:\/\/stammkoenigartus.de\/?p=9668\" title=\"Permalink zu Projekt Heim: Ausr\u00e4umaktion Rittersaal\" rel=\"bookmark\">Projekt Heim: Ausr\u00e4umaktion Rittersaal<\/a> <span>28\/03\/2015<\/span><\/li><li><a href=\"https:\/\/stammkoenigartus.de\/?p=9656\" title=\"Permalink zu Projekt Heim: Sippe Camelot Regalbau 2.0\" rel=\"bookmark\">Projekt Heim: Sippe Camelot Regalbau 2.0<\/a> <span>27\/03\/2015<\/span><\/li><li><a href=\"https:\/\/stammkoenigartus.de\/?p=9624\" title=\"Permalink zu Projekt Heim: Bericht Kompostbau\" rel=\"bookmark\">Projekt Heim: Bericht Kompostbau<\/a> <span>27\/03\/2015<\/span><\/li><li><a href=\"https:\/\/stammkoenigartus.de\/?p=9639\" title=\"Permalink zu Projekt Heim: Heckenschnitt\" rel=\"bookmark\">Projekt Heim: Heckenschnitt<\/a> <span>23\/03\/2015<\/span><\/li><li><a href=\"https:\/\/stammkoenigartus.de\/?p=9534\" title=\"Permalink zu Projekt Heim: K\u00fcchenregalbau\" rel=\"bookmark\">Projekt Heim: K\u00fcchenregalbau<\/a> <span>22\/03\/2015<\/span><\/li><li><a href=\"https:\/\/stammkoenigartus.de\/?p=9527\" title=\"Permalink zu Projekt Heim: Stauraum\" rel=\"bookmark\">Projekt Heim: Stauraum<\/a> <span>22\/03\/2015<\/span><\/li><li><a href=\"https:\/\/stammkoenigartus.de\/?p=9528\" title=\"Permalink zu Gruppenstunde: Knoten\" rel=\"bookmark\">Gruppenstunde: Knoten<\/a> <span>22\/03\/2015<\/span><\/li><li><a href=\"https:\/\/stammkoenigartus.de\/?p=9517\" title=\"Permalink zu Was ist ein Spurbuch\" rel=\"bookmark\">Was ist ein Spurbuch<\/a> <span>22\/03\/2015<\/span><\/li><li><a href=\"https:\/\/stammkoenigartus.de\/?p=9511\" title=\"Permalink zu Projekt Heim: Treppenbau\" rel=\"bookmark\">Projekt Heim: Treppenbau<\/a> <span>22\/03\/2015<\/span><\/li><li><a href=\"https:\/\/stammkoenigartus.de\/?p=9508\" title=\"Permalink zu Meutenstunde zum Thema Wind\" rel=\"bookmark\">Meutenstunde zum Thema Wind<\/a> <span>17\/03\/2015<\/span><\/li><li><a href=\"https:\/\/stammkoenigartus.de\/?p=9378\" title=\"Permalink zu Bericht Infoabend Montenegro\" rel=\"bookmark\">Bericht Infoabend Montenegro<\/a> <span>15\/03\/2015<\/span><\/li><li><a href=\"https:\/\/stammkoenigartus.de\/?p=9737\" title=\"Permalink zu Projekt Heim: Heimreinigungsaktion\" rel=\"bookmark\">Projekt Heim: Heimreinigungsaktion<\/a> <span>14\/03\/2015<\/span><\/li><li><a href=\"https:\/\/stammkoenigartus.de\/?p=9352\" title=\"Permalink zu Kinderfasching 2015\" rel=\"bookmark\">Kinderfasching 2015<\/a> <span>12\/03\/2015<\/span><\/li><li><a href=\"https:\/\/stammkoenigartus.de\/?p=9248\" title=\"Permalink zu 1. Homepagetreffen  2015\" rel=\"bookmark\">1. Homepagetreffen  2015<\/a> <span>20\/02\/2015<\/span><\/li><li><a href=\"https:\/\/stammkoenigartus.de\/?p=9241\" title=\"Permalink zu Unsere Fahne\" rel=\"bookmark\">Unsere Fahne<\/a> <span>30\/01\/2015<\/span><\/li><li><a href=\"https:\/\/stammkoenigartus.de\/?p=9119\" title=\"Permalink zu Bericht Winterlager 2015\" rel=\"bookmark\">Bericht Winterlager 2015<\/a> <span>08\/01\/2015<\/span><\/li><li><a href=\"https:\/\/stammkoenigartus.de\/?p=8928\" title=\"Permalink zu Projekt Mitte\" rel=\"bookmark\">Projekt Mitte<\/a> <span>06\/12\/2014<\/span><\/li><li><a href=\"https:\/\/stammkoenigartus.de\/?p=8922\" title=\"Permalink zu B\u00fcrgerkulturpreis 2014\" rel=\"bookmark\">B\u00fcrgerkulturpreis 2014<\/a> <span>05\/12\/2014<\/span><\/li><li><a href=\"https:\/\/stammkoenigartus.de\/?p=8899\" title=\"Permalink zu Bericht Herbstmarkt 2014\" rel=\"bookmark\">Bericht Herbstmarkt 2014<\/a> <span>19\/11\/2014<\/span><\/li><li><a href=\"https:\/\/stammkoenigartus.de\/?p=8865\" title=\"Permalink zu Bericht Halloween 2014\" rel=\"bookmark\">Bericht Halloween 2014<\/a> <span>04\/11\/2014<\/span><\/li><li><a href=\"https:\/\/stammkoenigartus.de\/?p=8833\" title=\"Permalink zu Stammesrat am 25.10.2014\" rel=\"bookmark\">Stammesrat am 25.10.2014<\/a> <span>29\/10\/2014<\/span><\/li><li><a href=\"https:\/\/stammkoenigartus.de\/?p=8760\" title=\"Permalink zu Grenzlandwanderung in Neustadt bei Coburg\" rel=\"bookmark\">Grenzlandwanderung in Neustadt bei Coburg<\/a> <span>13\/10\/2014<\/span><\/li><li><a href=\"https:\/\/stammkoenigartus.de\/?p=8723\" title=\"Permalink zu Bericht Kerwa 2014\" rel=\"bookmark\">Bericht Kerwa 2014<\/a> <span>12\/10\/2014<\/span><\/li><li><a href=\"https:\/\/stammkoenigartus.de\/?p=8721\" title=\"Permalink zu Bericht F\u00fchrerfahrt 2014\" rel=\"bookmark\">Bericht F\u00fchrerfahrt 2014<\/a> <span>12\/10\/2014<\/span><\/li><li><a href=\"https:\/\/stammkoenigartus.de\/?p=8489\" title=\"Permalink zu Die Nacht der 60 Kerzen\" rel=\"bookmark\">Die Nacht der 60 Kerzen<\/a> <span>24\/08\/2014<\/span><\/li><li><a href=\"https:\/\/stammkoenigartus.de\/?p=8486\" title=\"Permalink zu Der Haijk\" rel=\"bookmark\">Der Haijk<\/a> <span>24\/08\/2014<\/span><\/li><li><a href=\"https:\/\/stammkoenigartus.de\/?p=8483\" title=\"Permalink zu Tag des offenen Lagers\" rel=\"bookmark\">Tag des offenen Lagers<\/a> <span>24\/08\/2014<\/span><\/li><li><a href=\"https:\/\/stammkoenigartus.de\/?p=8479\" title=\"Permalink zu Bruchst\u00fccke unserer Geschichte\" rel=\"bookmark\">Bruchst\u00fccke unserer Geschichte<\/a> <span>24\/08\/2014<\/span><\/li><li><a href=\"https:\/\/stammkoenigartus.de\/?p=8475\" title=\"Permalink zu Das Aufbaulager\" rel=\"bookmark\">Das Aufbaulager<\/a> <span>24\/08\/2014<\/span><\/li><li><a href=\"https:\/\/stammkoenigartus.de\/?p=17286\" title=\"Permalink zu 60 Jahre Stamm K\u00f6nig Artus\" rel=\"bookmark\">60 Jahre Stamm K\u00f6nig Artus<\/a> <span>15\/08\/2014<\/span><\/li><li><a href=\"https:\/\/stammkoenigartus.de\/?p=8402\" title=\"Permalink zu Das Abbaulager\" rel=\"bookmark\">Das Abbaulager<\/a> <span>09\/08\/2014<\/span><\/li><li><a href=\"https:\/\/stammkoenigartus.de\/?p=8400\" title=\"Permalink zu Bericht Stammesjubil\u00e4um Mitteilungsblatt\" rel=\"bookmark\">Bericht Stammesjubil\u00e4um Mitteilungsblatt<\/a> <span>09\/08\/2014<\/span><\/li><li><a href=\"https:\/\/stammkoenigartus.de\/?p=8352\" title=\"Permalink zu Bericht Vierbeinaufbau Teil 4\" rel=\"bookmark\">Bericht Vierbeinaufbau Teil 4<\/a> <span>24\/07\/2014<\/span><\/li><li><a href=\"https:\/\/stammkoenigartus.de\/?p=8347\" title=\"Permalink zu Bericht Vierbeinaufbau Teil 3\" rel=\"bookmark\">Bericht Vierbeinaufbau Teil 3<\/a> <span>23\/07\/2014<\/span><\/li><li><a href=\"https:\/\/stammkoenigartus.de\/?p=8342\" title=\"Permalink zu Bericht Vierbeinaufbau Teil 2\" rel=\"bookmark\">Bericht Vierbeinaufbau Teil 2<\/a> <span>21\/07\/2014<\/span><\/li><li><a href=\"https:\/\/stammkoenigartus.de\/?p=8309\" title=\"Permalink zu Bericht Vierbeinaufbau\" rel=\"bookmark\">Bericht Vierbeinaufbau<\/a> <span>20\/07\/2014<\/span><\/li><li><a href=\"https:\/\/stammkoenigartus.de\/?p=8275\" title=\"Permalink zu Helfertreffen\" rel=\"bookmark\">Helfertreffen<\/a> <span>17\/07\/2014<\/span><\/li><li><a href=\"https:\/\/stammkoenigartus.de\/?p=8253\" title=\"Permalink zu Besprechung der Stammesf\u00fchrung\" rel=\"bookmark\">Besprechung der Stammesf\u00fchrung<\/a> <span>05\/07\/2014<\/span><\/li><li><a href=\"https:\/\/stammkoenigartus.de\/?p=8251\" title=\"Permalink zu Materialeinkauf\" rel=\"bookmark\">Materialeinkauf<\/a> <span>28\/06\/2014<\/span><\/li><li><a href=\"https:\/\/stammkoenigartus.de\/?p=7953\" title=\"Permalink zu Bericht BuSiFe 2014\" rel=\"bookmark\">Bericht BuSiFe 2014<\/a> <span>26\/06\/2014<\/span><\/li><li><a href=\"https:\/\/stammkoenigartus.de\/?p=8247\" title=\"Permalink zu Materialbesorgung\" rel=\"bookmark\">Materialbesorgung<\/a> <span>22\/06\/2014<\/span><\/li><li><a href=\"https:\/\/stammkoenigartus.de\/?p=7945\" title=\"Permalink zu Bericht Meutenlager 2014\" rel=\"bookmark\">Bericht Meutenlager 2014<\/a> <span>22\/06\/2014<\/span><\/li><li><a href=\"https:\/\/stammkoenigartus.de\/?p=7894\" title=\"Permalink zu Stammeslager 2014\" rel=\"bookmark\">Stammeslager 2014<\/a> <span>22\/06\/2014<\/span><\/li><li><a href=\"https:\/\/stammkoenigartus.de\/?p=8245\" title=\"Permalink zu Gruppendiskussion\" rel=\"bookmark\">Gruppendiskussion<\/a> <span>11\/06\/2014<\/span><\/li><li><a href=\"https:\/\/stammkoenigartus.de\/?p=7572\" title=\"Permalink zu Kinderfasching 2014\" rel=\"bookmark\">Kinderfasching 2014<\/a> <span>02\/06\/2014<\/span><\/li><li><a href=\"https:\/\/stammkoenigartus.de\/?p=7693\" title=\"Permalink zu Bericht Techniklager StaJub 2014\" rel=\"bookmark\">Bericht Techniklager StaJub 2014<\/a> <span>04\/05\/2014<\/span><\/li><li><a href=\"https:\/\/stammkoenigartus.de\/?p=7672\" title=\"Permalink zu Holzspende entgegen genommen!\" rel=\"bookmark\">Holzspende entgegen genommen!<\/a> <span>26\/04\/2014<\/span><\/li><li><a href=\"https:\/\/stammkoenigartus.de\/?p=7531\" title=\"Permalink zu Bericht Chroniktreffen\" rel=\"bookmark\">Bericht Chroniktreffen<\/a> <span>22\/03\/2014<\/span><\/li><li><a href=\"https:\/\/stammkoenigartus.de\/?p=7528\" title=\"Permalink zu Bericht Holzaktion\" rel=\"bookmark\">Bericht Holzaktion<\/a> <span>22\/03\/2014<\/span><\/li><li><a href=\"https:\/\/stammkoenigartus.de\/?p=7525\" title=\"Permalink zu Bericht Survivallager\" rel=\"bookmark\">Bericht Survivallager<\/a> <span>22\/03\/2014<\/span><\/li><li><a href=\"https:\/\/stammkoenigartus.de\/?p=7505\" title=\"Permalink zu Homepagetreffen am 02.03.2014\" rel=\"bookmark\">Homepagetreffen am 02.03.2014<\/a> <span>10\/03\/2014<\/span><\/li><li><a href=\"https:\/\/stammkoenigartus.de\/?p=7503\" title=\"Permalink zu Bericht Kinderfasching 2014\" rel=\"bookmark\">Bericht Kinderfasching 2014<\/a> <span>10\/03\/2014<\/span><\/li><li><a href=\"https:\/\/stammkoenigartus.de\/?p=7462\" title=\"Permalink zu Bericht Homepagetreffen am 02.03-2014\" rel=\"bookmark\">Bericht Homepagetreffen am 02.03-2014<\/a> <span>02\/03\/2014<\/span><\/li><li><a href=\"https:\/\/stammkoenigartus.de\/?p=7478\" title=\"Permalink zu Bericht Kinderfasching 2014\" rel=\"bookmark\">Bericht Kinderfasching 2014<\/a> <span>02\/03\/2014<\/span><\/li><li><a href=\"https:\/\/stammkoenigartus.de\/?p=7345\" title=\"Permalink zu Bericht Weihnachtsmarkt 2013\" rel=\"bookmark\">Bericht Weihnachtsmarkt 2013<\/a> <span>26\/01\/2014<\/span><\/li><li><a href=\"https:\/\/stammkoenigartus.de\/?p=7342\" title=\"Permalink zu Bericht Planungsfahrt 2014\" rel=\"bookmark\">Bericht Planungsfahrt 2014<\/a> <span>26\/01\/2014<\/span><\/li><li><a href=\"https:\/\/stammkoenigartus.de\/?p=7550\" title=\"Permalink zu Taktische Vorbereitung\" rel=\"bookmark\">Taktische Vorbereitung<\/a> <span>15\/01\/2014<\/span><\/li><li><a href=\"https:\/\/stammkoenigartus.de\/?p=7548\" title=\"Permalink zu Holzaktion Nummer 1\" rel=\"bookmark\">Holzaktion Nummer 1<\/a> <span>22\/12\/2013<\/span><\/li><li><a href=\"https:\/\/stammkoenigartus.de\/?p=6909\" title=\"Permalink zu Bericht Kletterpark Aktion 2013 Sippe Camelot\" rel=\"bookmark\">Bericht Kletterpark Aktion 2013 Sippe Camelot<\/a> <span>02\/11\/2013<\/span><\/li><li><a href=\"https:\/\/stammkoenigartus.de\/?p=6059\" title=\"Permalink zu Bericht Homepagenacht\" rel=\"bookmark\">Bericht Homepagenacht<\/a> <span>02\/11\/2013<\/span><\/li><li><a href=\"https:\/\/stammkoenigartus.de\/?p=5872\" title=\"Permalink zu Bericht Stammeslager 2013\" rel=\"bookmark\">Bericht Stammeslager 2013<\/a> <span>02\/11\/2013<\/span><\/li><li><a href=\"https:\/\/stammkoenigartus.de\/?p=5519\" title=\"Permalink zu Bericht Ringlager 2013\" rel=\"bookmark\">Bericht Ringlager 2013<\/a> <span>02\/11\/2013<\/span><\/li><li><a href=\"https:\/\/stammkoenigartus.de\/?p=5828\" title=\"Permalink zu Bericht Kletterparkaktion Trupp Ph\u00f6nix\" rel=\"bookmark\">Bericht Kletterparkaktion Trupp Ph\u00f6nix<\/a> <span>24\/09\/2013<\/span><\/li><li><a href=\"https:\/\/stammkoenigartus.de\/?p=5769\" title=\"Permalink zu Bericht Ringlager 2013\" rel=\"bookmark\">Bericht Ringlager 2013<\/a> <span>20\/09\/2013<\/span><\/li><li><a href=\"https:\/\/stammkoenigartus.de\/?p=12057\" title=\"Permalink zu Gro\u00dffahrt 2013 Tagebuch Bierla\" rel=\"bookmark\">Gro\u00dffahrt 2013 Tagebuch Bierla<\/a> <span>20\/09\/2013<\/span><\/li><li><a href=\"https:\/\/stammkoenigartus.de\/?p=5460\" title=\"Permalink zu Bericht Ringlager 2013\" rel=\"bookmark\">Bericht Ringlager 2013<\/a> <span>01\/09\/2013<\/span><\/li><li><a href=\"https:\/\/stammkoenigartus.de\/?p=12064\" title=\"Permalink zu Haijk GroFa 13\" rel=\"bookmark\">Haijk GroFa 13<\/a> <span>01\/09\/2013<\/span><\/li><li><a href=\"https:\/\/stammkoenigartus.de\/?p=3699\" title=\"Permalink zu Bericht Meutenlager 2013\" rel=\"bookmark\">Bericht Meutenlager 2013<\/a> <span>05\/05\/2013<\/span><\/li><li><a href=\"https:\/\/stammkoenigartus.de\/?p=3692\" title=\"Permalink zu Bericht Spielplatzaktion 2013\" rel=\"bookmark\">Bericht Spielplatzaktion 2013<\/a> <span>02\/05\/2013<\/span><\/li><li><a href=\"https:\/\/stammkoenigartus.de\/?p=3612\" title=\"Permalink zu Gel\u00e4nde Action Sippe Ph\u00f6nix\" rel=\"bookmark\">Gel\u00e4nde Action Sippe Ph\u00f6nix<\/a> <span>21\/04\/2013<\/span><\/li><li><a href=\"https:\/\/stammkoenigartus.de\/?p=3505\" title=\"Permalink zu Nachtrag Gel\u00e4ndeaktion\" rel=\"bookmark\">Nachtrag Gel\u00e4ndeaktion<\/a> <span>17\/04\/2013<\/span><\/li><li><a href=\"https:\/\/stammkoenigartus.de\/?p=12018\" title=\"Permalink zu Gel\u00e4ndeaktion 2013 Story\" rel=\"bookmark\">Gel\u00e4ndeaktion 2013 Story<\/a> <span>17\/04\/2013<\/span><\/li><li><a href=\"https:\/\/stammkoenigartus.de\/?p=3441\" title=\"Permalink zu Gel\u00e4ndeaktion 2013\" rel=\"bookmark\">Gel\u00e4ndeaktion 2013<\/a> <span>15\/04\/2013<\/span><\/li><li><a href=\"https:\/\/stammkoenigartus.de\/?p=2675\" title=\"Permalink zu Bericht Erlebnisaktion\" rel=\"bookmark\">Bericht Erlebnisaktion<\/a> <span>18\/03\/2013<\/span><\/li><li><a href=\"https:\/\/stammkoenigartus.de\/?p=2460\" title=\"Permalink zu Bericht Jahresabschluss 2013\" rel=\"bookmark\">Bericht Jahresabschluss 2013<\/a> <span>27\/02\/2013<\/span><\/li><li><a href=\"https:\/\/stammkoenigartus.de\/?p=2168\" title=\"Permalink zu Bericht Kinderfasching 2013\" rel=\"bookmark\">Bericht Kinderfasching 2013<\/a> <span>15\/02\/2013<\/span><\/li><li><a href=\"https:\/\/stammkoenigartus.de\/?p=1905\" title=\"Permalink zu Bericht Winterlager 2013\" rel=\"bookmark\">Bericht Winterlager 2013<\/a> <span>10\/01\/2013<\/span><\/li><li><a href=\"https:\/\/stammkoenigartus.de\/?p=1672\" title=\"Permalink zu Bericht Rennsteighaijk\" rel=\"bookmark\">Bericht Rennsteighaijk<\/a> <span>15\/11\/2012<\/span><\/li><li><a href=\"https:\/\/stammkoenigartus.de\/?p=1544\" title=\"Permalink zu :-) Halloween;-)\" rel=\"bookmark\">\ud83d\ude42 Halloween;-)<\/a> <span>08\/11\/2012<\/span><\/li><li><a href=\"https:\/\/stammkoenigartus.de\/?p=1540\" title=\"Permalink zu Bericht Sippenhaijk Sippe Ph\u00f6nix\" rel=\"bookmark\">Bericht Sippenhaijk Sippe Ph\u00f6nix<\/a> <span>08\/11\/2012<\/span><\/li><li><a href=\"https:\/\/stammkoenigartus.de\/?p=1507\" title=\"Permalink zu Haijk Jungpfadfinder auf der Gro\u00dffahrt\" rel=\"bookmark\">Haijk Jungpfadfinder auf der Gro\u00dffahrt<\/a> <span>31\/10\/2012<\/span><\/li><li><a href=\"https:\/\/stammkoenigartus.de\/?p=1502\" title=\"Permalink zu Meutenlager Bayreuth\" rel=\"bookmark\">Meutenlager Bayreuth<\/a> <span>31\/10\/2012<\/span><\/li><li><a href=\"https:\/\/stammkoenigartus.de\/?p=1500\" title=\"Permalink zu Kinderfasching\" rel=\"bookmark\">Kinderfasching<\/a> <span>31\/10\/2012<\/span><\/li><li><a href=\"https:\/\/stammkoenigartus.de\/?p=1498\" title=\"Permalink zu Gro\u00dffahrt Schwarzwald\" rel=\"bookmark\">Gro\u00dffahrt Schwarzwald<\/a> <span>31\/10\/2012<\/span><\/li><li><a href=\"https:\/\/stammkoenigartus.de\/?p=1495\" title=\"Permalink zu Ringmeutenwochenende im Sauloch\" rel=\"bookmark\">Ringmeutenwochenende im Sauloch<\/a> <span>31\/10\/2012<\/span><\/li><li><a href=\"https:\/\/stammkoenigartus.de\/?p=1365\" title=\"Permalink zu Sippenhaijk 2012\" rel=\"bookmark\">Sippenhaijk 2012<\/a> <span>29\/10\/2012<\/span><\/li><li><a href=\"https:\/\/stammkoenigartus.de\/?p=963\" title=\"Permalink zu Sind die Kids versichert ?\" rel=\"bookmark\">Sind die Kids versichert ?<\/a> <span>27\/09\/2012<\/span><\/li><li><a href=\"https:\/\/stammkoenigartus.de\/?p=960\" title=\"Permalink zu Roverprobe\" rel=\"bookmark\">Roverprobe<\/a> <span>27\/09\/2012<\/span><\/li><li><a href=\"https:\/\/stammkoenigartus.de\/?p=944\" title=\"Permalink zu Roverrunde\" rel=\"bookmark\">Roverrunde<\/a> <span>27\/09\/2012<\/span><\/li><li><a href=\"https:\/\/stammkoenigartus.de\/?p=938\" title=\"Permalink zu An bzw. Abmeldung\" rel=\"bookmark\">An bzw. Abmeldung<\/a> <span>27\/09\/2012<\/span><\/li><li><a href=\"https:\/\/stammkoenigartus.de\/?p=936\" title=\"Permalink zu Was muss man bei einem Zeltlager dabei haben?\" rel=\"bookmark\">Was muss man bei einem Zeltlager dabei haben?<\/a> <span>26\/09\/2012<\/span><\/li><li><a href=\"https:\/\/stammkoenigartus.de\/?p=933\" title=\"Permalink zu Wann ist Gruppenstunde ?\" rel=\"bookmark\">Wann ist Gruppenstunde ?<\/a> <span>26\/09\/2012<\/span><\/li><li><a href=\"https:\/\/stammkoenigartus.de\/?p=931\" title=\"Permalink zu Was machen wir da?\" rel=\"bookmark\">Was machen wir da?<\/a> <span>26\/09\/2012<\/span><\/li><li><a href=\"https:\/\/stammkoenigartus.de\/?p=929\" title=\"Permalink zu passende Kleidung\" rel=\"bookmark\">passende Kleidung<\/a> <span>26\/09\/2012<\/span><\/li><li><a href=\"https:\/\/stammkoenigartus.de\/?p=923\" title=\"Permalink zu Stammwolfabzeichen\" rel=\"bookmark\">Stammwolfabzeichen<\/a> <span>26\/09\/2012<\/span><\/li><li><a href=\"https:\/\/stammkoenigartus.de\/?p=921\" title=\"Permalink zu Sternwolfabzeichen\" rel=\"bookmark\">Sternwolfabzeichen<\/a> <span>26\/09\/2012<\/span><\/li><li><a href=\"https:\/\/stammkoenigartus.de\/?p=919\" title=\"Permalink zu Jungwolfabzeichen\" rel=\"bookmark\">Jungwolfabzeichen<\/a> <span>25\/09\/2012<\/span><\/li><li><a href=\"https:\/\/stammkoenigartus.de\/?p=916\" title=\"Permalink zu Postenlauf\" rel=\"bookmark\">Postenlauf<\/a> <span>25\/09\/2012<\/span><\/li><li><a href=\"https:\/\/stammkoenigartus.de\/?p=914\" title=\"Permalink zu Probenabzeichen\" rel=\"bookmark\">Probenabzeichen<\/a> <span>25\/09\/2012<\/span><\/li><li><a href=\"https:\/\/stammkoenigartus.de\/?p=912\" title=\"Permalink zu Halstuchverlust\" rel=\"bookmark\">Halstuchverlust<\/a> <span>25\/09\/2012<\/span><\/li><li><a href=\"https:\/\/stammkoenigartus.de\/?p=907\" title=\"Permalink zu Sinn des Halstuches\" rel=\"bookmark\">Sinn des Halstuches<\/a> <span>25\/09\/2012<\/span><\/li><li><a href=\"https:\/\/stammkoenigartus.de\/?p=905\" title=\"Permalink zu Voraussetzungen f\u00fcrs Halstuch\" rel=\"bookmark\">Voraussetzungen f\u00fcrs Halstuch<\/a> <span>25\/09\/2012<\/span><\/li><li><a href=\"https:\/\/stammkoenigartus.de\/?p=903\" title=\"Permalink zu Freundeskreis\" rel=\"bookmark\">Freundeskreis<\/a> <span>25\/09\/2012<\/span><\/li><li><a href=\"https:\/\/stammkoenigartus.de\/?p=901\" title=\"Permalink zu Punkte des Gespr\u00e4ches\" rel=\"bookmark\">Punkte des Gespr\u00e4ches<\/a> <span>25\/09\/2012<\/span><\/li><li><a href=\"https:\/\/stammkoenigartus.de\/?p=899\" title=\"Permalink zu Anmeldegespr\u00e4ch\" rel=\"bookmark\">Anmeldegespr\u00e4ch<\/a> <span>25\/09\/2012<\/span><\/li><li><a href=\"https:\/\/stammkoenigartus.de\/?p=895\" title=\"Permalink zu Der erste Schritt\" rel=\"bookmark\">Der erste Schritt<\/a> <span>25\/09\/2012<\/span><\/li><\/ul><\/div>\n","protected":false},"excerpt":{"rendered":"","protected":false},"author":2,"featured_media":0,"parent":17384,"menu_order":0,"comment_status":"open","ping_status":"closed","template":"","meta":{"_monsterinsights_skip_tracking":false,"_monsterinsights_sitenote_active":false,"_monsterinsights_sitenote_note":"","_monsterinsights_sitenote_category":0,"footnotes":""},"class_list":["post-10547","page","type-page","status-publish","hentry"],"aioseo_notices":[],"_links":{"self":[{"href":"https:\/\/stammkoenigartus.de\/index.php?rest_route=\/wp\/v2\/pages\/10547","targetHints":{"allow":["GET"]}}],"collection":[{"href":"https:\/\/stammkoenigartus.de\/index.php?rest_route=\/wp\/v2\/pages"}],"about":[{"href":"https:\/\/stammkoenigartus.de\/index.php?rest_route=\/wp\/v2\/types\/page"}],"author":[{"embeddable":true,"href":"https:\/\/stammkoenigartus.de\/index.php?rest_route=\/wp\/v2\/users\/2"}],"replies":[{"embeddable":true,"href":"https:\/\/stammkoenigartus.de\/index.php?rest_route=%2Fwp%2Fv2%2Fcomments&post=10547"}],"version-history":[{"count":4,"href":"https:\/\/stammkoenigartus.de\/index.php?rest_route=\/wp\/v2\/pages\/10547\/revisions"}],"predecessor-version":[{"id":10552,"href":"https:\/\/stammkoenigartus.de\/index.php?rest_route=\/wp\/v2\/pages\/10547\/revisions\/10552"}],"up":[{"embeddable":true,"href":"https:\/\/stammkoenigartus.de\/index.php?rest_route=\/wp\/v2\/pages\/17384"}],"wp:attachment":[{"href":"https:\/\/stammkoenigartus.de\/index.php?rest_route=%2Fwp%2Fv2%2Fmedia&parent=10547"}],"curies":[{"name":"wp","href":"https:\/\/api.w.org\/{rel}","templated":true}]}}