{"id":21892,"date":"2025-11-09T14:46:27","date_gmt":"2025-11-09T13:46:27","guid":{"rendered":"https:\/\/stammkoenigartus.de\/?page_id=21892"},"modified":"2026-04-23T17:10:02","modified_gmt":"2026-04-23T15:10:02","slug":"anmeldung-zu-jugenfreizeit-ein-kanuabenteuer","status":"publish","type":"page","link":"https:\/\/stammkoenigartus.de\/?page_id=21892","title":{"rendered":"Anmeldung Kanuabenteuer 2026"},"content":{"rendered":"\n<h2 class=\"wp-block-heading\">Es freut uns riesig das du Lust hast mit uns aufs Wasser zu kommen !<\/h2>\n\n\n\n<p>Diese Aktion wird unterst\u00fctzt, von:<\/p>\n\n\n\n<figure class=\"wp-block-gallery has-nested-images columns-default wp-block-gallery-1 is-layout-flex wp-block-gallery-is-layout-flex\">\n<figure class=\"wp-block-image size-medium\"><img loading=\"lazy\" decoding=\"async\" width=\"480\" height=\"209\" data-id=\"22200\" src=\"https:\/\/stammkoenigartus.de\/wp-content\/uploads\/LK_KC_2021_FWS_1-1-480x209.jpg\" alt=\"\" class=\"wp-image-22200\" srcset=\"https:\/\/stammkoenigartus.de\/wp-content\/uploads\/LK_KC_2021_FWS_1-1-480x209.jpg 480w, https:\/\/stammkoenigartus.de\/wp-content\/uploads\/LK_KC_2021_FWS_1-1-768x334.jpg 768w, https:\/\/stammkoenigartus.de\/wp-content\/uploads\/LK_KC_2021_FWS_1-1-690x300.jpg 690w, https:\/\/stammkoenigartus.de\/wp-content\/uploads\/LK_KC_2021_FWS_1-1-600x261.jpg 600w, https:\/\/stammkoenigartus.de\/wp-content\/uploads\/LK_KC_2021_FWS_1-1-400x174.jpg 400w, https:\/\/stammkoenigartus.de\/wp-content\/uploads\/LK_KC_2021_FWS_1-1.jpg 1229w\" sizes=\"auto, (max-width: 480px) 100vw, 480px\" \/><\/figure>\n\n\n\n<figure class=\"wp-block-image size-full\"><img loading=\"lazy\" decoding=\"async\" width=\"838\" height=\"283\" data-id=\"22198\" src=\"https:\/\/stammkoenigartus.de\/wp-content\/uploads\/BMBFSFJ_DL_mitFoerderzusatz.jpg\" alt=\"\" class=\"wp-image-22198\" srcset=\"https:\/\/stammkoenigartus.de\/wp-content\/uploads\/BMBFSFJ_DL_mitFoerderzusatz.jpg 838w, https:\/\/stammkoenigartus.de\/wp-content\/uploads\/BMBFSFJ_DL_mitFoerderzusatz-480x162.jpg 480w, https:\/\/stammkoenigartus.de\/wp-content\/uploads\/BMBFSFJ_DL_mitFoerderzusatz-768x259.jpg 768w, https:\/\/stammkoenigartus.de\/wp-content\/uploads\/BMBFSFJ_DL_mitFoerderzusatz-748x253.jpg 748w, https:\/\/stammkoenigartus.de\/wp-content\/uploads\/BMBFSFJ_DL_mitFoerderzusatz-600x203.jpg 600w, https:\/\/stammkoenigartus.de\/wp-content\/uploads\/BMBFSFJ_DL_mitFoerderzusatz-400x135.jpg 400w\" sizes=\"auto, (max-width: 838px) 100vw, 838px\" \/><\/figure>\n<\/figure>\n\n\n\n<p>Alles was wichtig ist findest du hier! Am Ende kannst du dich sehr gerne anmelden oder du<br>kommst von der Anmeldung dann findest du hier alles was wichtig wird.<br>Bei weiteren Fragen wende dich gerne an mich: <strong>Felix<\/strong><br>felix@stammkoenigartus.de<br>oder pers\u00f6nlich unter 0175\/5242443<\/p>\n\n\n\n<div class=\"wp-block-columns is-layout-flex wp-container-core-columns-is-layout-9d6595d7 wp-block-columns-is-layout-flex\">\n<div class=\"wp-block-column is-layout-flow wp-block-column-is-layout-flow\">\n<h2 class=\"wp-block-heading\">Zum Alter<\/h2>\n\n\n\n<p>Wichtig ist das wir eine Altersbegrenzung haben um f\u00fcr alle Teilnehmende ein \u00e4hnliches Erlebnis bieten zu k\u00f6nnen. <br>Wenn du zwischen 10 und 14 bis, dann bist du hier genau richtig. Gleichzeitig k\u00f6nnen nur 20 von euch am Wochenende und 10 von euch am Tagesausflug teilnehmen.<br><strong>Anmeldeschluss ist der  15. Mai 2026<\/strong><\/p>\n\n\n\n<h2 class=\"wp-block-heading\"><\/h2>\n<\/div>\n\n\n\n<div class=\"wp-block-column is-layout-flow wp-block-column-is-layout-flow\">\n<h2 class=\"wp-block-heading\"><\/h2>\n\n\n\n<figure class=\"wp-block-image size-full is-resized\"><img loading=\"lazy\" decoding=\"async\" width=\"1920\" height=\"1280\" src=\"https:\/\/stammkoenigartus.de\/wp-content\/uploads\/IMG_1174.jpg\" alt=\"\" class=\"wp-image-21485\" style=\"width:462px;height:auto\" srcset=\"https:\/\/stammkoenigartus.de\/wp-content\/uploads\/IMG_1174.jpg 1920w, https:\/\/stammkoenigartus.de\/wp-content\/uploads\/IMG_1174-480x320.jpg 480w, https:\/\/stammkoenigartus.de\/wp-content\/uploads\/IMG_1174-768x512.jpg 768w, https:\/\/stammkoenigartus.de\/wp-content\/uploads\/IMG_1174-1536x1024.jpg 1536w, https:\/\/stammkoenigartus.de\/wp-content\/uploads\/IMG_1174-450x300.jpg 450w, https:\/\/stammkoenigartus.de\/wp-content\/uploads\/IMG_1174-600x400.jpg 600w, https:\/\/stammkoenigartus.de\/wp-content\/uploads\/IMG_1174-400x267.jpg 400w\" sizes=\"auto, (max-width: 1920px) 100vw, 1920px\" \/><\/figure>\n<\/div>\n<\/div>\n\n\n\n<h2 class=\"wp-block-heading\">Aktueller Teilnehmerstand :<br>Wochenende : 6 von 20<br>Tagesausflug : 4 von 10<\/h2>\n\n\n\n<div class=\"wp-block-columns is-layout-flex wp-container-core-columns-is-layout-9d6595d7 wp-block-columns-is-layout-flex\">\n<div class=\"wp-block-column is-layout-flow wp-block-column-is-layout-flow\">\n<h2 class=\"wp-block-heading\"><\/h2>\n\n\n\n<figure class=\"wp-block-image size-full is-resized\"><img loading=\"lazy\" decoding=\"async\" width=\"1920\" height=\"1280\" src=\"https:\/\/stammkoenigartus.de\/wp-content\/uploads\/IMG_0179.jpg\" alt=\"\" class=\"wp-image-21278\" style=\"width:504px;height:auto\" srcset=\"https:\/\/stammkoenigartus.de\/wp-content\/uploads\/IMG_0179.jpg 1920w, https:\/\/stammkoenigartus.de\/wp-content\/uploads\/IMG_0179-480x320.jpg 480w, https:\/\/stammkoenigartus.de\/wp-content\/uploads\/IMG_0179-768x512.jpg 768w, https:\/\/stammkoenigartus.de\/wp-content\/uploads\/IMG_0179-1536x1024.jpg 1536w, https:\/\/stammkoenigartus.de\/wp-content\/uploads\/IMG_0179-450x300.jpg 450w, https:\/\/stammkoenigartus.de\/wp-content\/uploads\/IMG_0179-600x400.jpg 600w, https:\/\/stammkoenigartus.de\/wp-content\/uploads\/IMG_0179-400x267.jpg 400w\" sizes=\"auto, (max-width: 1920px) 100vw, 1920px\" \/><\/figure>\n<\/div>\n\n\n\n<div class=\"wp-block-column is-layout-flow wp-block-column-is-layout-flow\">\n<h2 class=\"wp-block-heading\">Wer sind wir ? <\/h2>\n\n\n\n<p>Wir sind der Stamm K\u00f6nig Artus aus Waldbuch und betreiben seit \u00fcber 25 Jahren aktive Jugendarbeit in Waldbuch unseren Stamm gibt es schon seit 1953. Bei uns sind \u00fcber 30 Kinder und Jugendliche dabei  (5-15 Jahre).<br>Nat\u00fcrlich treffen wir uns regelm\u00e4\u00dfig, wenn du Lust hast schau <a href=\"https:\/\/stammkoenigartus.de\/?page_id=740\" target=\"_blank\" rel=\"noopener\" title=\"Gruppen\">HIER<\/a> mal vorbei. <\/p>\n<\/div>\n<\/div>\n\n\n\n<div class=\"wp-block-columns is-layout-flex wp-container-core-columns-is-layout-9d6595d7 wp-block-columns-is-layout-flex\">\n<div class=\"wp-block-column is-layout-flow wp-block-column-is-layout-flow\">\n<figure class=\"wp-block-image size-full is-resized is-style-rounded\"><img loading=\"lazy\" decoding=\"async\" width=\"1920\" height=\"1280\" src=\"https:\/\/stammkoenigartus.de\/wp-content\/uploads\/IMG_9510.jpg\" alt=\"\" class=\"wp-image-20921\" style=\"object-fit:cover;width:200px;height:198px\" srcset=\"https:\/\/stammkoenigartus.de\/wp-content\/uploads\/IMG_9510.jpg 1920w, https:\/\/stammkoenigartus.de\/wp-content\/uploads\/IMG_9510-480x320.jpg 480w, https:\/\/stammkoenigartus.de\/wp-content\/uploads\/IMG_9510-768x512.jpg 768w, https:\/\/stammkoenigartus.de\/wp-content\/uploads\/IMG_9510-1536x1024.jpg 1536w, https:\/\/stammkoenigartus.de\/wp-content\/uploads\/IMG_9510-450x300.jpg 450w, https:\/\/stammkoenigartus.de\/wp-content\/uploads\/IMG_9510-600x400.jpg 600w, https:\/\/stammkoenigartus.de\/wp-content\/uploads\/IMG_9510-400x267.jpg 400w\" sizes=\"auto, (max-width: 1920px) 100vw, 1920px\" \/><\/figure>\n\n\n\n<h2 class=\"wp-block-heading\">Vorbereitung<\/h2>\n\n\n\n<p>Wir kennen uns vielleicht noch nicht.  Sehr wahrscheinlich kennst du alle anderen die dabei sind noch nicht. <br>Hierf\u00fcr haben wir die Vorbereitungs-Treffen. Die 5 Termine planst du dir bitte fest im Kalender ein, Sie sind wichtig !<br>Neben deinen Mitstreitern lernst du auch wie du ein Kanu steuerst und wie du dich in der Gruppe verh\u00e4ltst.<br>Wann wir uns treffen findest du hier: <\/p>\n<\/div>\n\n\n\n<div class=\"wp-block-column is-layout-flow wp-block-column-is-layout-flow\">\n<figure class=\"wp-block-image size-full is-resized is-style-rounded\"><img loading=\"lazy\" decoding=\"async\" width=\"1358\" height=\"926\" src=\"https:\/\/stammkoenigartus.de\/wp-content\/uploads\/Raubritter24.jpg\" alt=\"\" class=\"wp-image-19753\" style=\"object-fit:cover;width:200px;height:200px\" srcset=\"https:\/\/stammkoenigartus.de\/wp-content\/uploads\/Raubritter24.jpg 1358w, https:\/\/stammkoenigartus.de\/wp-content\/uploads\/Raubritter24-480x327.jpg 480w, https:\/\/stammkoenigartus.de\/wp-content\/uploads\/Raubritter24-768x524.jpg 768w, https:\/\/stammkoenigartus.de\/wp-content\/uploads\/Raubritter24-440x300.jpg 440w, https:\/\/stammkoenigartus.de\/wp-content\/uploads\/Raubritter24-600x409.jpg 600w, https:\/\/stammkoenigartus.de\/wp-content\/uploads\/Raubritter24-400x273.jpg 400w\" sizes=\"auto, (max-width: 1358px) 100vw, 1358px\" \/><\/figure>\n\n\n\n<h2 class=\"wp-block-heading\">Grundregel<\/h2>\n\n\n\n<p>Keine Erwachsenen. So gut wir Mamas und Papas manchmal brauchen k\u00f6nnten besteht keine M\u00f6glichkeit f\u00fcr euch dabei zu sein. Eventuell d\u00fcrft ihr auch nicht dabei sein. Aber es gibt auf jeden Fall f\u00fcr euch die Bilder von der Aktion und einen kleinen Bericht zum Nachlesen. <\/p>\n<\/div>\n\n\n\n<div class=\"wp-block-column is-layout-flow wp-block-column-is-layout-flow\">\n<figure class=\"wp-block-image size-large is-resized is-style-rounded\"><img loading=\"lazy\" decoding=\"async\" width=\"4024\" height=\"2264\" src=\"https:\/\/stammkoenigartus.de\/wp-content\/uploads\/1000034468-4024x2264.jpg\" alt=\"\" class=\"wp-image-19448\" style=\"object-fit:cover;width:200px;height:200px\" srcset=\"https:\/\/stammkoenigartus.de\/wp-content\/uploads\/1000034468-4024x2264.jpg 4024w, https:\/\/stammkoenigartus.de\/wp-content\/uploads\/1000034468-480x270.jpg 480w, https:\/\/stammkoenigartus.de\/wp-content\/uploads\/1000034468-768x432.jpg 768w, https:\/\/stammkoenigartus.de\/wp-content\/uploads\/1000034468-1536x864.jpg 1536w, https:\/\/stammkoenigartus.de\/wp-content\/uploads\/1000034468-2048x1152.jpg 2048w, https:\/\/stammkoenigartus.de\/wp-content\/uploads\/1000034468-533x300.jpg 533w, https:\/\/stammkoenigartus.de\/wp-content\/uploads\/1000034468-600x338.jpg 600w, https:\/\/stammkoenigartus.de\/wp-content\/uploads\/1000034468-400x225.jpg 400w\" sizes=\"auto, (max-width: 4024px) 100vw, 4024px\" \/><\/figure>\n\n\n\n<h2 class=\"wp-block-heading\">Kosten<\/h2>\n\n\n\n<p>Schon immer ist unsere Arbeit kostenfrei. F\u00fcr &#8222;Das Kanuabenteuer&#8220; kommen daher ausschlie\u00dflich Kosten f\u00fcr Benzin, Zeltplatz und Lebensmittel hinzu. Dank F\u00f6rderung vom Kreis Jugendring und anderer F\u00f6rdergeber k\u00f6nnen wir euch dieses Wochenende f\u00fcr nur 5 \u20ac anbieten.<\/p>\n<\/div>\n<\/div>\n\n\n\t\t<div class=\"wcs-timetable__wrapper\">\n\t\t\t<div class=\"wcs-vue\" id=\"wcs-app-40\"><\/div>\n\t\t<\/div>\n\t\t\n\n\n\n<h2 class=\"wp-block-heading\">Anmeldung f\u00fcr &#8222;Das Kanuabenteuer&#8220;<\/h2>\n\n\n\n<p>Bitte meldet Euer Kind \u00fcber folgendes Formular an, damit wir besser planen k\u00f6nnen. Bei mehr als einem Kind bitten wir, jeweils einmal das Formular auszuf\u00fcllen. <a href=\"https:\/\/forms.gle\/fQ8qtpdXanXSyL8x8\" target=\"_blank\" rel=\"noopener\" title=\"\">Anmeldung<\/a> . Wenn ihr das gemacht habt bekommt ihr sehr bald eine Mail ob ihr dabei sein k\u00f6nnt.<\/p>\n\n\n\n<p>Wir freuen uns auf eine legend\u00e4res Kanuabenteuer mit euch.<\/p>\n\n\n\n<h2 class=\"wp-block-heading\">Kennst du noch jemanden der dabei sein m\u00f6chte ? <\/h2>\n\n\n\n<p>Den Flyer findest du hier: <a href=\"https:\/\/stammkoenigartus.de\/wp-content\/uploads\/Das-Kanuabenteuer-\u2013-Flyer-3-1-1.png\" target=\"_blank\"  rel=\"lightbox[22175] noopener\" title=\"\">Flyer<\/a> leite den Link gerne weiter oder lade dir den Flyer als Bild herunter!<\/p>\n\n\n\n<p><\/p>\n","protected":false},"excerpt":{"rendered":"<p>Es freut uns riesig das du Lust hast mit uns aufs Wasser zu kommen ! Diese Aktion wird unterst\u00fctzt, von: Alles was wichtig ist findest &hellip;<\/p>\n","protected":false},"author":2,"featured_media":22187,"parent":0,"menu_order":0,"comment_status":"closed","ping_status":"closed","template":"","meta":{"_monsterinsights_skip_tracking":false,"_monsterinsights_sitenote_active":false,"_monsterinsights_sitenote_note":"","_monsterinsights_sitenote_category":0,"footnotes":""},"class_list":["post-21892","page","type-page","status-publish","has-post-thumbnail","hentry"],"aioseo_notices":[],"_links":{"self":[{"href":"https:\/\/stammkoenigartus.de\/index.php?rest_route=\/wp\/v2\/pages\/21892","targetHints":{"allow":["GET"]}}],"collection":[{"href":"https:\/\/stammkoenigartus.de\/index.php?rest_route=\/wp\/v2\/pages"}],"about":[{"href":"https:\/\/stammkoenigartus.de\/index.php?rest_route=\/wp\/v2\/types\/page"}],"author":[{"embeddable":true,"href":"https:\/\/stammkoenigartus.de\/index.php?rest_route=\/wp\/v2\/users\/2"}],"replies":[{"embeddable":true,"href":"https:\/\/stammkoenigartus.de\/index.php?rest_route=%2Fwp%2Fv2%2Fcomments&post=21892"}],"version-history":[{"count":25,"href":"https:\/\/stammkoenigartus.de\/index.php?rest_route=\/wp\/v2\/pages\/21892\/revisions"}],"predecessor-version":[{"id":22207,"href":"https:\/\/stammkoenigartus.de\/index.php?rest_route=\/wp\/v2\/pages\/21892\/revisions\/22207"}],"wp:featuredmedia":[{"embeddable":true,"href":"https:\/\/stammkoenigartus.de\/index.php?rest_route=\/wp\/v2\/media\/22187"}],"wp:attachment":[{"href":"https:\/\/stammkoenigartus.de\/index.php?rest_route=%2Fwp%2Fv2%2Fmedia&parent=21892"}],"curies":[{"name":"wp","href":"https:\/\/api.w.org\/{rel}","templated":true}]}}