{"id":99,"date":"2012-09-09T19:47:59","date_gmt":"2012-09-09T17:47:59","guid":{"rendered":"http:\/\/stammkoenigartus.de\/?page_id=99"},"modified":"2026-02-17T07:46:55","modified_gmt":"2026-02-17T06:46:55","slug":"meute","status":"publish","type":"page","link":"https:\/\/stammkoenigartus.de\/?page_id=99","title":{"rendered":"Meute 5-11 Jahre"},"content":{"rendered":"\n<h3>Meutenf\u00fchrung:<\/h3>\n<style> #grid-gallery-56-39636 .grid-gallery-caption[data-grid-gallery-type=\"show-on-hover\"]:hover figcaption, #grid-gallery-56-39636 .grid-gallery-caption[data-grid-gallery-type=\"show-on-hover\"].hovered figcaption, #grid-gallery-56-39636 .grid-gallery-caption[data-grid-gallery-type=\"show-on-hover\"]:active figcaption { background-color:rgba(0,0,0,0.8) !important; } <\/style> <div id=\"grid-gallery-56-39636\" data-gg-id=\"56\" data-title=\"Meutenf\u00fchrung\" data-grid-type=\"2\" data-offset=\"0\" data-area-position=\"center\" data-icons=\"false\" data-preloader=\"true\" data-width=\"auto\" data-height=\"350\" data-padding=\"0\" data-quicksand=\"disabled\" data-quicksand-duration=\"none\" data-popup-theme=\"theme_6\" data-popup-type=\"pretty-photo\" data-popup-image-text=\"data-caption\" data-popup-widthsize=\"auto\" data-popup-heightsize=\"auto\" data-popup-i18n-words=\"{&quot;close&quot;:&quot;schlie\\u00dfen&quot;,&quot;next&quot;:&quot;n\\u00e4chste&quot;,&quot;previous&quot;:&quot;vorherige&quot;,&quot;start_slideshow&quot;:&quot;Starte Slideshow&quot;,&quot;stop_slideshow&quot;:&quot;Stoppe Slideshow&quot;,&quot;image&quot;:&quot;Bild&quot;,&quot;of&quot;:&quot;von&quot;,&quot;prev&quot;:&quot;vorherige&quot;,&quot;cExpand&quot;:&quot;Erweitere&quot;,&quot;cPrevious&quot;:&quot;Vorheriges&quot;,&quot;cNext&quot;:&quot;N\\u00e4chstes&quot;,&quot;cExpandStr&quot;:&quot;Erweitere Bild&quot;,&quot;cRotate&quot;:&quot;Rotate&quot;,&quot;cDetails&quot;:&quot;Details&quot;}\" data-popup-slideshow=\"false\" data-popup-slideshow-speed=\"2500\" data-popup-hoverstop=\"true\" data-popup-slideshow-auto=\"false\" data-popup-background=\"\" data-popup-transparency=\"30\" data-popup-disable-history=\"\" data-popup-disable-changed-url=\"\" data-popup-border-type=\"solid\" data-popup-border-color=\"\" data-popup-border-width=\"\" data-popup-border-enable=\"\" data-fullscreen=\"true\" data-hide-tooltip=\"false\" data-caption-font-family=\"Default\" data-caption-text-size=\"140\" data-is-mobile=\"0\" data-caption-mobile=\"false\" data-hide-long-tltp-title=\"0\" data-caption-disabled-on-mobile=\"false\" data-lazyload-enable='1' data-lazyload-effect=\"show\" data-lazyload-effect-duration=\"400\" data-popup-placement-type=\"0\" data-social-sharing=\"{&quot;enabled&quot;:&quot;&quot;,&quot;gallerySharing&quot;:{&quot;enabled&quot;:null,&quot;position&quot;:null},&quot;imageSharing&quot;:{&quot;enabled&quot;:null,&quot;wrapperClass&quot;:&quot; vertical &quot;},&quot;popupSharing&quot;:{&quot;enabled&quot;:null,&quot;wrapperClass&quot;:&quot; vertical &quot;}}\" class=\"grid-gallery grid-gallery-fixed \" style=\" width:3500; height:auto; margin-left:auto; margin-right:auto;position:relative;\" data-popup-video=\"null\" data-popup-disable-source-image-for-linked-img=\"0\" data-popup-enable-download-photos-button=\"0\" data-thumbnail-size=\"150x150\"> <div class=\"gallery-loading\"> <div class=\"la-\" style=\"color:#0073AA\"> <div><\/div> <div><\/div> <\/div> <\/div> <div class=\"gallery-sharing-top\" style=\"display:none;\"> <\/div> <div id=\"photos-56\" class=\"grid-gallery-photos\"><a data-attachment-id=\"18763\" id=\"gg-56-514\" class=\"gg-link \" data-attachment-id=\"18763\" href=\"https:\/\/stammkoenigartus.de\/wp-content\/uploads\/IMG-20231015-WA0010.jpg?gid=56\" target=\"_self\" title=\"IMG-20231015-WA0010\" data- rel=\"lightbox[20167] prettyPhoto[pp_gal]\" style=\"border-radius:0;\" ><FIGURE data-tags=\"\" data-id=\"514\" class=\"grid-gallery-caption\" data-grid-gallery-type=\"quarter-appear\" data-index=\"0\" style=\"display:none;border-radius:0;; margin:0px; height:3500; width:auto;\" ><div class=\"crop\" style=\"\"><img decoding=\"async\" data-gg-real-image-href=\"https:\/\/stammkoenigartus.de\/wp-content\/uploads\/IMG-20231015-WA0010-341x350.jpg\" src=\"https:\/\/stammkoenigartus.de\/wp-content\/plugins\/gallery-by-supsystic\/src\/GridGallery\/Galleries\/assets\/img\/loading.gif\" class=\"ggImg ggLazyImg ggNotInitImg\" alt=\"Lisa\" title=\"IMG-20231015-WA0010\" data-description=\"IMG-20231015-WA0010\" data-caption=\"IMG-20231015-WA0010\" data-title=\"IMG-20231015-WA0010\" style=\" height:350px; width:auto;\" \/><\/div><FIGCAPTION class=\"\" data-alpha=\"2\" style=\"color:#ffffff; background-color:#000000; font-size:140; text-align:left; font-family:Default;\" ><div class=\"grid-gallery-figcaption-wrap\" style=\" vertical-align:top;\"><\/div><\/FIGCAPTION><\/FIGURE><\/a><a data-attachment-id=\"18418\" id=\"gg-56-501\" class=\"gg-link \" data-attachment-id=\"18418\" href=\"https:\/\/stammkoenigartus.de\/wp-content\/uploads\/Axel23-rotated-e1686401127263.jpg?gid=56\" target=\"_self\" title=\"Axel23\" data- rel=\"lightbox[20167] prettyPhoto[pp_gal]\" style=\"border-radius:0;\" ><FIGURE data-tags=\"\" data-id=\"501\" class=\"grid-gallery-caption\" data-grid-gallery-type=\"quarter-appear\" data-index=\"1\" style=\"display:none;border-radius:0;; margin:0px; height:3500; width:auto;\" ><div class=\"crop\" style=\"\"><img decoding=\"async\" data-gg-real-image-href=\"https:\/\/stammkoenigartus.de\/wp-content\/uploads\/Axel23-rotated-e1686401127263-233x350.jpg\" src=\"https:\/\/stammkoenigartus.de\/wp-content\/plugins\/gallery-by-supsystic\/src\/GridGallery\/Galleries\/assets\/img\/loading.gif\" class=\"ggImg ggLazyImg ggNotInitImg\" alt=\"Axel23\" title=\"Axel23\" data-description=\"Axel23\" data-caption=\"Axel, Meutenhelfer, Meute Fledermaus\" data-title=\"Axel23\" style=\" height:350px; width:auto;\" \/><\/div><FIGCAPTION class=\"\" data-alpha=\"2\" style=\"color:#ffffff; background-color:#000000; font-size:140; text-align:left; font-family:Default;\" ><div class=\"grid-gallery-figcaption-wrap\" style=\" vertical-align:top;\"><div class=\"gg-image-caption fitvidsignore\" style=\"font-size:140;\"><object type=\"none\/none\">Axel, Meutenhelfer, Meute Fledermaus <\/object><\/div><\/div><\/FIGCAPTION><\/FIGURE><\/a><a data-attachment-id=\"16893\" id=\"gg-56-471\" class=\"gg-link \" data-attachment-id=\"16893\" href=\"https:\/\/stammkoenigartus.de\/wp-content\/uploads\/Pascal-21-2.jpg?gid=56\" target=\"_self\" title=\"Pascal 21 (2)\" data- rel=\"lightbox[20167] prettyPhoto[pp_gal]\" style=\"border-radius:0;\" ><FIGURE data-tags=\"\" data-id=\"471\" class=\"grid-gallery-caption\" data-grid-gallery-type=\"quarter-appear\" data-index=\"2\" style=\"display:none;border-radius:0;; margin:0px; height:3500; width:auto;\" ><div class=\"crop\" style=\"\"><img decoding=\"async\" data-gg-real-image-href=\"https:\/\/stammkoenigartus.de\/wp-content\/uploads\/Pascal-21-2-391x350.jpg\" src=\"https:\/\/stammkoenigartus.de\/wp-content\/plugins\/gallery-by-supsystic\/src\/GridGallery\/Galleries\/assets\/img\/loading.gif\" class=\"ggImg ggLazyImg ggNotInitImg\" alt=\"Pascal\" title=\"Pascal 21 (2)\" data-description=\"Pascal 21 (2)\" data-caption=\"Pascal, Meutenf\u00fchrer Meute Waldeule\" data-title=\"Pascal 21 (2)\" style=\" height:350px; width:auto;\" \/><\/div><FIGCAPTION class=\"\" data-alpha=\"2\" style=\"color:#ffffff; background-color:#000000; font-size:140; text-align:left; font-family:Default;\" ><div class=\"grid-gallery-figcaption-wrap\" style=\" vertical-align:top;\"><div class=\"gg-image-caption fitvidsignore\" style=\"font-size:140;\"><object type=\"none\/none\">Pascal, Meutenf\u00fchrer Meute Waldeule <\/object><\/div><\/div><\/FIGCAPTION><\/FIGURE><\/a><a data-attachment-id=\"17429\" id=\"gg-56-485\" class=\"gg-link \" data-attachment-id=\"17429\" href=\"https:\/\/stammkoenigartus.de\/wp-content\/uploads\/selma.jpg?gid=56\" target=\"_self\" title=\"selma\" data- rel=\"lightbox[20167] prettyPhoto[pp_gal]\" style=\"border-radius:0;\" ><FIGURE data-tags=\"\" data-id=\"485\" class=\"grid-gallery-caption\" data-grid-gallery-type=\"quarter-appear\" data-index=\"3\" style=\"display:none;border-radius:0;; margin:0px; height:3500; width:auto;\" ><div class=\"crop\" style=\"\"><img decoding=\"async\" data-gg-real-image-href=\"https:\/\/stammkoenigartus.de\/wp-content\/uploads\/selma-414x350.jpg\" src=\"https:\/\/stammkoenigartus.de\/wp-content\/plugins\/gallery-by-supsystic\/src\/GridGallery\/Galleries\/assets\/img\/loading.gif\" class=\"ggImg ggLazyImg ggNotInitImg\" alt=\"Selma\" title=\"selma\" data-description=\"selma\" data-caption=\"Selma, Meutenhelfer Meute Waldeule\" data-title=\"selma\" style=\" height:350px; width:auto;\" \/><\/div><FIGCAPTION class=\"\" data-alpha=\"2\" style=\"color:#ffffff; background-color:#000000; font-size:140; text-align:left; font-family:Default;\" ><div class=\"grid-gallery-figcaption-wrap\" style=\" vertical-align:top;\"><div class=\"gg-image-caption fitvidsignore\" style=\"font-size:140;\"><object type=\"none\/none\">Selma, Meutenhelfer Meute Waldeule <\/object><\/div><\/div><\/FIGCAPTION><\/FIGURE><\/a> <div class=\"grid-gallery-clearfix\"><\/div> <\/div> <div class=\"gallery-sharing-bottom\" style=\"display:none;\"> <\/div> <div class=\"gallery-sharing-image\" style=\"display:none;\"> <\/div> <div class=\"gallery-sharing-popup\" style=\"display:none;\"> <\/div> <div class=\"grid-gallery-clearfix\"><\/div> <\/div> <!-- Gallery by Supsystic plugin1.16.0 \/2.10.00 --> <style> <\/style><a title=\"\" style=\"display:none;\" href=\"https:\/\/supsystic.com\/plugins\/photo-gallery\/?utm_medium=love_link\" target=\"_blank\"><\/a>\n\n\n\n<p style=\"text-align: center;\">Die Kleinsten im Stamm werden W\u00f6lflinge genannt und sind 5 bis 11 Jahre alt. Da sie -\u00e4hnlich wie die jungen W\u00f6lfe im Tierreich- noch einiges spielerisch lernen m\u00fcssen um -in unseren Fall- im sp\u00e4teren Pfadfinderleben zurechtzukommen. Mit diesem Ziel treffen sich w\u00f6chentlich mehrere Gruppen in Waldbuch und Stadtsteinach.&nbsp;<\/p>\n\n\n\n<div class=\"wp-block-media-text alignwide is-stacked-on-mobile\"><figure class=\"wp-block-media-text__media\"><img loading=\"lazy\" decoding=\"async\" width=\"1024\" height=\"852\" src=\"https:\/\/stammkoenigartus.de\/wp-content\/uploads\/Waldeule23.jpg\" alt=\"\" class=\"wp-image-18659 size-full\" srcset=\"https:\/\/stammkoenigartus.de\/wp-content\/uploads\/Waldeule23.jpg 1024w, https:\/\/stammkoenigartus.de\/wp-content\/uploads\/Waldeule23-480x399.jpg 480w, https:\/\/stammkoenigartus.de\/wp-content\/uploads\/Waldeule23-768x639.jpg 768w, https:\/\/stammkoenigartus.de\/wp-content\/uploads\/Waldeule23-361x300.jpg 361w, https:\/\/stammkoenigartus.de\/wp-content\/uploads\/Waldeule23-600x499.jpg 600w, https:\/\/stammkoenigartus.de\/wp-content\/uploads\/Waldeule23-400x333.jpg 400w\" sizes=\"auto, (max-width: 1024px) 100vw, 1024px\" \/><\/figure><div class=\"wp-block-media-text__content\">\n<p><strong>Meute Luchs<\/strong><\/p>\n\n\n\n<p><\/p>\n\n\n\n<p>Meutenf\u00fchrung: Selma und Helene<\/p>\n\n\n\n<p>Kontakt: Selma@stammkoenigartus.de<br>Treffpunkt: Waldbuch<\/p>\n\n\n\t\t<div class=\"wcs-timetable__wrapper\">\n\t\t\t<div class=\"wcs-vue\" id=\"wcs-app-31\"><\/div>\n\t\t<\/div>\n\t\t\n<\/div><\/div>\n\n\n\n<div class=\"wp-block-media-text alignwide has-media-on-the-right is-stacked-on-mobile\"><div class=\"wp-block-media-text__content\">\n<p><\/p>\n\n\n\n<p><strong>Meute Eidechse<\/strong><\/p>\n\n\n\n<p><\/p>\n\n\n\n<p>Meutenf\u00fchrung: Lisa und Erik<\/p>\n\n\n\n<p>Kontakt: lisa@stammkoenigartus.de<br>Treffpunkt: Waldbuch<\/p>\n\n\n\n<p>Gruppenstunde immer Freitag und Mittwoch 17:30 Uhr bis 19 Uhr im Wechsel<\/p>\n\n\n\n<p><strong>Bitte Lisa vorher anrufen:) +49 1515 1727700<\/strong><\/p>\n<\/div><figure class=\"wp-block-media-text__media\"><img loading=\"lazy\" decoding=\"async\" width=\"800\" height=\"600\" src=\"https:\/\/stammkoenigartus.de\/wp-content\/uploads\/IMG-20230520-WA0004.jpg\" alt=\"\" class=\"wp-image-18415 size-full\" srcset=\"https:\/\/stammkoenigartus.de\/wp-content\/uploads\/IMG-20230520-WA0004.jpg 800w, https:\/\/stammkoenigartus.de\/wp-content\/uploads\/IMG-20230520-WA0004-480x360.jpg 480w, https:\/\/stammkoenigartus.de\/wp-content\/uploads\/IMG-20230520-WA0004-768x576.jpg 768w, https:\/\/stammkoenigartus.de\/wp-content\/uploads\/IMG-20230520-WA0004-400x300.jpg 400w, https:\/\/stammkoenigartus.de\/wp-content\/uploads\/IMG-20230520-WA0004-600x450.jpg 600w\" sizes=\"auto, (max-width: 800px) 100vw, 800px\" \/><\/figure><\/div>\n\n\n\n<h3>Alle Meutenaktionen :\u00a0<\/h3>\n\t\t<div class=\"wcs-timetable__wrapper\">\n\t\t\t<div class=\"wcs-vue\" id=\"wcs-app-36\"><\/div>\n\t\t<\/div>\n\t\t\n","protected":false},"excerpt":{"rendered":"<p>Meutenf\u00fchrung: Die Kleinsten im Stamm werden W\u00f6lflinge genannt und sind 5 bis 11 Jahre alt. Da sie -\u00e4hnlich wie die jungen W\u00f6lfe im Tierreich- noch &hellip;<\/p>\n","protected":false},"author":1,"featured_media":17141,"parent":740,"menu_order":60,"comment_status":"open","ping_status":"closed","template":"","meta":{"_monsterinsights_skip_tracking":false,"_monsterinsights_sitenote_active":false,"_monsterinsights_sitenote_note":"","_monsterinsights_sitenote_category":0,"footnotes":""},"class_list":["post-99","page","type-page","status-publish","has-post-thumbnail","hentry"],"aioseo_notices":[],"_links":{"self":[{"href":"https:\/\/stammkoenigartus.de\/index.php?rest_route=\/wp\/v2\/pages\/99","targetHints":{"allow":["GET"]}}],"collection":[{"href":"https:\/\/stammkoenigartus.de\/index.php?rest_route=\/wp\/v2\/pages"}],"about":[{"href":"https:\/\/stammkoenigartus.de\/index.php?rest_route=\/wp\/v2\/types\/page"}],"author":[{"embeddable":true,"href":"https:\/\/stammkoenigartus.de\/index.php?rest_route=\/wp\/v2\/users\/1"}],"replies":[{"embeddable":true,"href":"https:\/\/stammkoenigartus.de\/index.php?rest_route=%2Fwp%2Fv2%2Fcomments&post=99"}],"version-history":[{"count":46,"href":"https:\/\/stammkoenigartus.de\/index.php?rest_route=\/wp\/v2\/pages\/99\/revisions"}],"predecessor-version":[{"id":22097,"href":"https:\/\/stammkoenigartus.de\/index.php?rest_route=\/wp\/v2\/pages\/99\/revisions\/22097"}],"up":[{"embeddable":true,"href":"https:\/\/stammkoenigartus.de\/index.php?rest_route=\/wp\/v2\/pages\/740"}],"wp:featuredmedia":[{"embeddable":true,"href":"https:\/\/stammkoenigartus.de\/index.php?rest_route=\/wp\/v2\/media\/17141"}],"wp:attachment":[{"href":"https:\/\/stammkoenigartus.de\/index.php?rest_route=%2Fwp%2Fv2%2Fmedia&parent=99"}],"curies":[{"name":"wp","href":"https:\/\/api.w.org\/{rel}","templated":true}]}}